{"id":15793,"date":"2020-09-01T10:55:26","date_gmt":"2020-09-01T08:55:26","guid":{"rendered":"https:\/\/fanzone.oddset.de\/?page_id=15793"},"modified":"2025-07-29T09:51:05","modified_gmt":"2025-07-29T07:51:05","slug":"tour-de-france-wetten-bei-oddset","status":"publish","type":"page","link":"https:\/\/www.oddset.de\/blog\/tour-de-france-wetten-bei-oddset\/","title":{"rendered":"\ud83d\udeb5 Tour de France 2025: Etappenplan, Klassements, Infos und Wetten"},"content":{"rendered":"\t\t<div data-elementor-type=\"wp-post\" data-elementor-id=\"15793\" class=\"elementor elementor-15793\">\n\t\t\t\t\t\t<section class=\"elementor-section elementor-top-section elementor-element elementor-element-7cf5603 elementor-section-boxed elementor-section-height-default elementor-section-height-default\" data-id=\"7cf5603\" data-element_type=\"section\">\n\t\t\t\t\t\t<div class=\"elementor-container elementor-column-gap-default\">\n\t\t\t\t\t<div class=\"elementor-column elementor-col-33 elementor-top-column elementor-element elementor-element-16dbfe5\" data-id=\"16dbfe5\" data-element_type=\"column\">\n\t\t\t<div class=\"elementor-widget-wrap\">\n\t\t\t\t\t\t\t<\/div>\n\t\t<\/div>\n\t\t\t\t<div class=\"elementor-column elementor-col-33 elementor-top-column elementor-element elementor-element-bcee8a8\" data-id=\"bcee8a8\" data-element_type=\"column\">\n\t\t\t<div class=\"elementor-widget-wrap elementor-element-populated\">\n\t\t\t\t\t\t<div class=\"elementor-element elementor-element-f4dbac0 elementor-widget elementor-widget-html\" data-id=\"f4dbac0\" data-element_type=\"widget\" data-widget_type=\"html.default\">\n\t\t\t\t<div class=\"elementor-widget-container\">\n\t\t\t\t\t<div class='hidden'>no entries for sport = t-160,t-16094241,t-17745715,t-17745716<\/div>\t\t\t\t<\/div>\n\t\t\t\t<\/div>\n\t\t\t\t\t<\/div>\n\t\t<\/div>\n\t\t\t\t<div class=\"elementor-column elementor-col-33 elementor-top-column elementor-element elementor-element-70b723b\" data-id=\"70b723b\" data-element_type=\"column\">\n\t\t\t<div class=\"elementor-widget-wrap\">\n\t\t\t\t\t\t\t<\/div>\n\t\t<\/div>\n\t\t\t\t\t<\/div>\n\t\t<\/section>\n\t\t\t\t<section class=\"elementor-section elementor-top-section elementor-element elementor-element-345e36b elementor-section-boxed elementor-section-height-default elementor-section-height-default\" data-id=\"345e36b\" data-element_type=\"section\">\n\t\t\t\t\t\t<div class=\"elementor-container elementor-column-gap-default\">\n\t\t\t\t\t<div class=\"elementor-column elementor-col-25 elementor-top-column elementor-element elementor-element-6516ec2\" data-id=\"6516ec2\" data-element_type=\"column\">\n\t\t\t<div class=\"elementor-widget-wrap elementor-element-populated\">\n\t\t\t\t\t\t<div class=\"elementor-element elementor-element-ea53b53 elementor-align-justify elementor-widget elementor-widget-button\" data-id=\"ea53b53\" data-element_type=\"widget\" data-widget_type=\"button.default\">\n\t\t\t\t<div class=\"elementor-widget-container\">\n\t\t\t\t\t\t\t\t\t<div class=\"elementor-button-wrapper\">\n\t\t\t\t\t<a class=\"elementor-button elementor-button-link elementor-size-sm\" href=\"#tdf-news\">\n\t\t\t\t\t\t<span class=\"elementor-button-content-wrapper\">\n\t\t\t\t\t\t\t\t\t<span class=\"elementor-button-text\">TOUR-NEWS<\/span>\n\t\t\t\t\t<\/span>\n\t\t\t\t\t<\/a>\n\t\t\t\t<\/div>\n\t\t\t\t\t\t\t\t<\/div>\n\t\t\t\t<\/div>\n\t\t\t\t\t<\/div>\n\t\t<\/div>\n\t\t\t\t<div class=\"elementor-column elementor-col-25 elementor-top-column elementor-element elementor-element-cf8fed2\" data-id=\"cf8fed2\" data-element_type=\"column\">\n\t\t\t<div class=\"elementor-widget-wrap elementor-element-populated\">\n\t\t\t\t\t\t<div class=\"elementor-element elementor-element-884f154 elementor-align-justify elementor-widget elementor-widget-button\" data-id=\"884f154\" data-element_type=\"widget\" data-widget_type=\"button.default\">\n\t\t\t\t<div class=\"elementor-widget-container\">\n\t\t\t\t\t\t\t\t\t<div class=\"elementor-button-wrapper\">\n\t\t\t\t\t<a class=\"elementor-button elementor-button-link elementor-size-sm\" href=\"#tdf-favoriten\">\n\t\t\t\t\t\t<span class=\"elementor-button-content-wrapper\">\n\t\t\t\t\t\t\t\t\t<span class=\"elementor-button-text\">TOUR-FAVORITEN<\/span>\n\t\t\t\t\t<\/span>\n\t\t\t\t\t<\/a>\n\t\t\t\t<\/div>\n\t\t\t\t\t\t\t\t<\/div>\n\t\t\t\t<\/div>\n\t\t\t\t\t<\/div>\n\t\t<\/div>\n\t\t\t\t<div class=\"elementor-column elementor-col-25 elementor-top-column elementor-element elementor-element-02422c1\" data-id=\"02422c1\" data-element_type=\"column\">\n\t\t\t<div class=\"elementor-widget-wrap elementor-element-populated\">\n\t\t\t\t\t\t<div class=\"elementor-element elementor-element-89185d7 elementor-align-justify elementor-widget elementor-widget-button\" data-id=\"89185d7\" data-element_type=\"widget\" data-widget_type=\"button.default\">\n\t\t\t\t<div class=\"elementor-widget-container\">\n\t\t\t\t\t\t\t\t\t<div class=\"elementor-button-wrapper\">\n\t\t\t\t\t<a class=\"elementor-button elementor-button-link elementor-size-sm\" href=\"#tdf-etappenplan\">\n\t\t\t\t\t\t<span class=\"elementor-button-content-wrapper\">\n\t\t\t\t\t\t\t\t\t<span class=\"elementor-button-text\">ETAPPENPLAN<\/span>\n\t\t\t\t\t<\/span>\n\t\t\t\t\t<\/a>\n\t\t\t\t<\/div>\n\t\t\t\t\t\t\t\t<\/div>\n\t\t\t\t<\/div>\n\t\t\t\t\t<\/div>\n\t\t<\/div>\n\t\t\t\t<div class=\"elementor-column elementor-col-25 elementor-top-column elementor-element elementor-element-08a850a\" data-id=\"08a850a\" data-element_type=\"column\">\n\t\t\t<div class=\"elementor-widget-wrap elementor-element-populated\">\n\t\t\t\t\t\t<div class=\"elementor-element elementor-element-57c6bd3 elementor-align-justify elementor-widget elementor-widget-button\" data-id=\"57c6bd3\" data-element_type=\"widget\" data-widget_type=\"button.default\">\n\t\t\t\t<div class=\"elementor-widget-container\">\n\t\t\t\t\t\t\t\t\t<div class=\"elementor-button-wrapper\">\n\t\t\t\t\t<a class=\"elementor-button elementor-button-link elementor-size-sm\" href=\"#tdf-historie\">\n\t\t\t\t\t\t<span class=\"elementor-button-content-wrapper\">\n\t\t\t\t\t\t\t\t\t<span class=\"elementor-button-text\">HISTORIE<\/span>\n\t\t\t\t\t<\/span>\n\t\t\t\t\t<\/a>\n\t\t\t\t<\/div>\n\t\t\t\t\t\t\t\t<\/div>\n\t\t\t\t<\/div>\n\t\t\t\t\t<\/div>\n\t\t<\/div>\n\t\t\t\t\t<\/div>\n\t\t<\/section>\n\t\t\t\t<section class=\"elementor-section elementor-top-section elementor-element elementor-element-5661ee3 elementor-section-boxed elementor-section-height-default elementor-section-height-default\" data-id=\"5661ee3\" data-element_type=\"section\">\n\t\t\t\t\t\t<div class=\"elementor-container elementor-column-gap-default\">\n\t\t\t\t\t<div class=\"elementor-column elementor-col-100 elementor-top-column elementor-element elementor-element-416844c\" data-id=\"416844c\" data-element_type=\"column\">\n\t\t\t<div class=\"elementor-widget-wrap elementor-element-populated\">\n\t\t\t\t\t\t<div class=\"elementor-element elementor-element-39f2c23 elementor-widget elementor-widget-text-editor\" data-id=\"39f2c23\" data-element_type=\"widget\" data-widget_type=\"text-editor.default\">\n\t\t\t\t<div class=\"elementor-widget-container\">\n\t\t\t\t\t\t\t\t\t<h2>Tour de France 2025<\/h2><p><a href=\"https:\/\/www.oddset.de\/de\/sports\/radsport-10\/wetten\/welt-6\/tour-de-france-160\"><strong>Alle Wetten zur Tour de France<\/strong><\/a><\/p>\t\t\t\t\t\t\t\t<\/div>\n\t\t\t\t<\/div>\n\t\t\t\t\t<\/div>\n\t\t<\/div>\n\t\t\t\t\t<\/div>\n\t\t<\/section>\n\t\t\t\t<section class=\"elementor-section elementor-top-section elementor-element elementor-element-ca84947 elementor-section-boxed elementor-section-height-default elementor-section-height-default\" data-id=\"ca84947\" data-element_type=\"section\">\n\t\t\t\t\t\t<div class=\"elementor-container elementor-column-gap-default\">\n\t\t\t\t\t<div class=\"elementor-column elementor-col-100 elementor-top-column elementor-element elementor-element-119a655\" data-id=\"119a655\" data-element_type=\"column\">\n\t\t\t<div class=\"elementor-widget-wrap elementor-element-populated\">\n\t\t\t\t\t\t<div class=\"elementor-element elementor-element-170bc96 elementor-widget elementor-widget-menu-anchor\" data-id=\"170bc96\" data-element_type=\"widget\" data-widget_type=\"menu-anchor.default\">\n\t\t\t\t<div class=\"elementor-widget-container\">\n\t\t\t\t\t\t\t<div class=\"elementor-menu-anchor\" id=\"tdf-news\"><\/div>\n\t\t\t\t\t\t<\/div>\n\t\t\t\t<\/div>\n\t\t\t\t<div class=\"elementor-element elementor-element-63b2b1e elementor-widget__width-initial elementor-widget elementor-widget-text-editor\" data-id=\"63b2b1e\" data-element_type=\"widget\" data-widget_type=\"text-editor.default\">\n\t\t\t\t<div class=\"elementor-widget-container\">\n\t\t\t\t\t\t\t\t\t<h3><strong>Tour de France 2025 &#8211; Gesamtklassement<\/strong> \ud83d\udfe1<\/h3><ol><li>Pogacar \ud83c\uddf8\ud83c\uddee| 76h00&#8217;32&#8220;<\/li><li>Vingegaard \ud83c\udde9\ud83c\uddf0| +4&#8217;24&#8220;<\/li><li><strong>Lipowitz<\/strong> \ud83c\udde9\ud83c\uddea| +11&#8217;00&#8220;<\/li><li>Onley \ud83c\uddec\ud83c\udde7| +12&#8217;12&#8220;<\/li><li>Gall \ud83c\udde6\ud83c\uddf9| +17&#8217;12&#8220;<\/li><li>Johannessen \ud83c\uddf3\ud83c\uddf4| +20&#8217;14&#8220;<\/li><li>Vauquelin \ud83c\uddeb\ud83c\uddf7| +22&#8217;35&#8220;<\/li><li>Roglic \ud83c\uddf8\ud83c\uddee| +25&#8217;30&#8220;<\/li><\/ol><p>Unglaublich wie <strong>Tadej Pogacar<\/strong> diese Tour kontrolliert und mit UAE beherrscht hat. Er und sein Team, u.a. mit Lokomotive Nils Politt, konnten jeden Angriff von Kontrahent Jonas Vingegaard entweder parieren oder sogar kontern. Oft ging er selbst in die Offensive, wie beispielsweise hinauf nach Hautacam, als er den D\u00e4nen auf dem Schlussanstieg 2 Min 10&#8220; abkn\u00f6pfte. Mit seinen 26 Jahren ist es nach 2020, 2021 und 2024 nun sein vierter Toursieg. Das hat ihm in dem Alter noch keiner vorgemacht \u2013 Respekt.<\/p><p>Noch beeindruckender war die Leistung von <strong>Florian Lipowitz<\/strong>, der bei seiner ersten Tour unheimlich beherzt und auf Angriff fuhr. Er sicherte sich mit Platz drei das Podium in Paris und wurde zudem als <strong>bester Jungprofi<\/strong> (wei\u00dfes Trikot) ausgezeichnet. Am Ende hatte er einen R\u00fcckstand auf Pogacar von 11 Min und auf den zweitplatzierten Vingegaard 6 Min 36&#8243;.\u00a0<\/p><p>Die <strong>Tour de France 2026<\/strong> startet am 4. Juli mit der 1. Etappe in Barcelona.<\/p><h3>*** Tour-News Etappe f\u00fcr Etappe***<strong><br \/><\/strong><\/h3><ul><li>Etappe <strong>#21<\/strong>:<ul><li><strong>Wout van Aert<\/strong> zerrei\u00dft sich auf der letzten Etappe nach Paris und gewinnt auf dem neuen Finalkurs. Er kann Pogacar und seine Kontrahenten mit einer Willensleistung bei Regenwetter auf dem letzten Anstieg distanzieren und ist dann auf und davon. Es ist van Aert&#8217;s zehnter Etappensieg bei der Tour.\u00a0<\/li><\/ul><\/li><li>Etappe <strong>#20<\/strong>:<ul><li><strong>Kaden Groves<\/strong> siegt auf der h\u00fcgeligen Etappe. Bei Dauerregen kann er sich auf den letzten Kilometern von seinen Begleitern absetzen und gewinnt die Etappe vor Van den Broek und Eenkhoorn.<\/li><li>Im Gesamtklassement tut sich nichts. Somit scheint Florian Lipowitz, mit dem wei\u00dfen Trikot des besten Jungprofis, in Paris auf&#8217;s Podium steigen zu k\u00f6nnen. Das w\u00e4re ein unfassbar gutes Ergebnis bei seiner ersten Tour.<\/li><\/ul><\/li><li>Etappe <strong>#19<\/strong>:<ul><li><strong>Thymen Arensman<\/strong> setzt sich bei seinem zweiten Tagessieg auf dem Schlussanstieg nach La Plagne durch und distanziert Vingegaard und Pogacar.<\/li><li>Unglaublich stark, wie <strong>Florian &#8222;Lipoflitz&#8220;<\/strong> einen Tag nach seinem Einbruch sich durchbei\u00dft, auf Platz 4 reinkommt und Oscar Onley um 41 Sekunden distanziert. Das Podium ist zum Greifen nach.<\/li><\/ul><\/li><li>Etappe <strong>#18<\/strong>:<ul><li><strong>Ben O&#8217;Connor<\/strong> hat die K\u00f6nigsetappe gewonnen! 1&#8217;45 min vor dem angehenden Toursieger Pogacar! <strong>Florian Lipowitz<\/strong> musste seinen Ausrei\u00dfversuch beinahe teuer bezahlen, hatte aber im Ziel nur 1&#8217;38 min R\u00fcckstand auf den Vierten<strong> Oscar Onley<\/strong>. Damit behauptet der Deutsche seinen Podiumsplatz!<\/li><\/ul><\/li><li>Etappe <strong>#17:<\/strong><ul><li>Wie zu erwarten war wurde die Flachetappe im Sprint entschieden: <strong>Jonathan Milan<\/strong> brachte seine Vorderrad als erster \u00fcber den Zielstrich \u2013 alle anderen folgten mit der gleichen Zeit. In den Trikot-Wertungen keine \u00c4nderungen.<\/li><\/ul><\/li><\/ul><ul><li style=\"list-style-type: none;\"><ul><li><span style=\"color: #000000;\">Etappe <strong>#16<\/strong>:<\/span><ul><li>Auf dem brutalen Schlussanstieg hinauf zum Mont Ventoux setzt sich auf den letzten Metern <strong>Valentin Paret-Peintre<\/strong> gegen Healy und Buitrago durch. Der erste franz\u00f6sische Etappensieg in dieser Tour!<\/li><li>Pogacar (+43&#8243;) wird 5., Vingegaard (+45&#8243;) 6. und Lipowitz (+1&#8217;53&#8220;) 10.<\/li><\/ul><\/li><li><span style=\"color: #000000;\">Etappe <strong>#15<\/strong>: <\/span><strong>Tim Wellens<\/strong> holt sich nach einem 43 km Soloritt den Tagessieg auf dieser anspruchsvollen Etappe.<\/li><li>Etappe<strong> #14<\/strong>:<ul><li><strong>Thymen Arensman<\/strong> holt sich die schwere Bergetappe vor Pogacar und Vingegaard. <strong>Lipowitz<\/strong> wird F\u00fcnfter, springt in der Gesamtwertung auf Drei und \u00fcbernimmt das wei\u00dfe Trikot. Evenepoel gibt an diesem Tag entkr\u00e4ftet auf.<\/li><\/ul><\/li><li>Etappe <strong>#13<\/strong>:<ul><li><strong>Pogacar<\/strong> siegt im Bergzeitfahren 36 S vor Vingegaard und 1 M 20 vor Roglic.<\/li><\/ul><\/li><li>Etappe <strong>#12<\/strong>:<ul><li><strong>Tadej Pogacar\u00a0<\/strong>siegt beeindruckend im Alleingang hinauf nach Hautacam und distanziert Jonas Vingegaard um mehr als 2 Min 10 auf dem letzten Anstieg. <strong>Der Hammer:<\/strong> <strong>Florian Lipowitz<\/strong> attackiert sp\u00e4t am Berg und kommt auf Platz drei mit 13 Sekunden nach Vingegaard ins Ziel. Lipowitz jetzt auf Position vier (50 Sek. hinter Evenepoel) im Gesamtklassement \u2013 unfassbar stark auf seiner ersten Tour. Morgen steht das 11km &#8222;Sprint&#8220;-Bergzeitfahren auf dem Plan \u2013 auf geht&#8217;s Florian flieg!<\/li><\/ul><\/li><li>Etappe <strong>#11<\/strong>:<ul><li>Der Norweger <strong>Jonas Abrahamsen <\/strong>vom Team Uno-X-Mobility gewann den Zielsprint gegen seinen Schweizer Ausrei\u00dferkollegen <strong>Mauro Schmid<\/strong> vom Team Jayco Alula. Sieben Sekunden sp\u00e4ter fuhr Mathieu van der Poel (NED\/Alpecin-Deceuninck) als Dritter durchs Ziel. Tourfavorit Tadej Pogacar st\u00fcrzte auf den letzten 5 Kilometern, die Konkurrenz um Jonas Vingegaard oder Primoz Roglic zeigte sich aber extrem sportlich und nutzte den Fehler nicht zur Attacke. Sieht so aus, als w\u00e4re Pogacar verletzungsfrei geblieben. \u00dcbrigens mussten bisher <strong>12 Fahrer<\/strong> (184 waren es beim Start in Lille) wegen Sturz oder Krankheit aufgeben.<\/li><\/ul><\/li><li>Etappe <strong>#10<\/strong>:<ul><li><strong>Simon Yates<\/strong> hat am letzten Anstieg die st\u00e4rksten Beine und kr\u00f6nt sich nach einer harten Etappe vor Arensmann und Healy zum Tagesieger. <strong>Ben Healy (IRL)<\/strong> \u00fcbernimmt das Gelbe von Pogacar. Florian Lipowitz erneut mit einer sehr starken Vorstellung. Er liegt nur rund drei Minuten hinter Pogacar auf Platz 8.<\/li><\/ul><\/li><li>Etappe<strong> #9<\/strong>:<ul><li><strong>Mathieu van der Poel<\/strong> macht sich mit seinem Teamkollegen <strong>Jonas Rickaert<\/strong> auf die Socken und f\u00e4hrt \u00fcber 70km vorne weg. Dann rollt das Feld auf den letzten 2 km an ihm vorbei und <strong>Tim Merlier<\/strong> setzt sich im Sprint gegen <strong>Milan<\/strong> und <strong>De Lie<\/strong> durch.<\/li><\/ul><\/li><li><span style=\"color: #ff0000;\"><span style=\"color: #333333;\">Etappe<strong> #8<\/strong>:<\/span><\/span><ul><li><span style=\"color: #ff0000;\"><span style=\"color: #333333;\">Sieg im Sprint f\u00fcr <strong>Jonathan Milan<\/strong>. Der Italiener setzt im Massensprint deutlich gegen Wout van Aert durch und \u00fcbernimmt die F\u00fchrung in der Sprintwertung. Pascal Ackermann wird Vierter.\u00a0<\/span><\/span><\/li><\/ul><\/li><li><span style=\"color: #333333;\">Etappe<strong> #7<\/strong>:<\/span><ul><li><strong>Tadej Pogacar<\/strong> sprintet zum zweiten <strong>Etappensieg<\/strong> (seinem 19. insgesamt) \u2013 zeitgleich vor Konkurrent Jonas Vingegaard. Knapp 21 Sekunden dahinter rollen Lipowitz und Roglic als 14. bzw. 16. durchs Ziel. Van der Poel verliert das Gelbe wieder an Pogacar, jetzt ist Evenepoel \u2013 heute mit 2 Sekunden R\u00fcckstand auf der Sechs \u2013 mit fast einer Minute R\u00fcckstand neuer Zweiter.<\/li><\/ul><\/li><li>Etappe <strong>#6<\/strong>:<ul><li><strong>Ben Healy<\/strong> vom Team EF Education &#8211; Easypost gewinnt am Donnerstag die 6. Etappe! Der irische Ausrei\u00dfer hat am Ende 2:44 min Vorsprung auf den Zweiten<strong> Quinn Simmons<\/strong>. Und 3:58 auf den Achten<strong> Mathieu van der Poel<\/strong>, 5:27 auf den Neunten <strong>Pogacar<\/strong>. Damit st\u00fcrmt <strong>van der Poel<\/strong> wieder ins Gelbe , eine Sekunde vor Pogacar! Auch Gr\u00fcn und Rot-Wei\u00df muss der Slowene abgeben!<\/li><\/ul><\/li><li>Etappe <strong>#5<\/strong>:<ul><li>Wie im letzten Jahr holt sich <strong>Remco Evenepoel<\/strong> auch bei dieser Tour den Sieg im <span style=\"color: #000000;\"><strong>Zeitfahren<\/strong><\/span>! Nach 33 Kilometern hat der Belgier mit 36:42 Minuten <strong>16 Sekunden Vorsprung<\/strong> auf den Zweiten <strong>Tadej Pogacar<\/strong>.<\/li><li><strong>Jonas Vingegaard<\/strong> hat beim Kampf gegen die Uhr\u00a0eine Minute und 5 Sekunden auf Pogacar verloren. Starker Sechster in Caen: <strong>Florian Lipowitz<\/strong> mit nur 58 Sekunden Abstand auf Tagessieger Evenepoel. Und war sogar <strong>21 Sekunden<\/strong> schneller als sein Team-Kapit\u00e4n <strong>Primoz Roglic<\/strong>!<\/li><\/ul><\/li><li>Etappe<strong> #4<\/strong>:<ul><li><strong>Pogacar<\/strong> gewinnt die <strong>4. Etappe<\/strong>! Im Sprint setzt er sich gegen van der Poel und Vingegaard durch!<\/li><\/ul><\/li><li>Etappe<strong> #3<\/strong>:<ul><li><strong>Philipsen<\/strong> muss leider nach seinem<strong> Sturz<\/strong> auf der 3. Etappe zur Schulter-OP ins Krankenhaus. Alles Gute, Jasper!<\/li><\/ul><\/li><li>Deutsche Tour-Hoffnung <strong>Florian Lipowitz<\/strong> kommt in Topform zur Tour<ul><li><strong>Rolle bei der Tour:<\/strong> Ist als Edelhelfer f\u00fcr Primoz Roglic geplant \u2013 in den Bergen soll er ihm entscheidend beistehen<\/li><li>Lipowitz macht aber aktuell so einen starken Eindruck, dass Red\u202fBull-Bora-hansgrohe eventuell \u00fcberlegen muss, ihm etwas mehr Freiraum einzur\u00e4umen.<\/li><li><strong>St\u00e4rken:<\/strong><ul><li>Kletterqualit\u00e4t, starke Bergform<\/li><li>Souver\u00e4n im Zeitfahren (Top-5 beim harten WorldTour-Rennen)<\/li><li>Mentale Ruhe trotz Druck \u2013 entscheidend f\u00fcr eine dreiw\u00f6chige Rundfahrt.<\/li><\/ul><\/li><li><strong>Form &amp; Ergebnisse:<\/strong><ul><li>Paris \u2013 Nizza (M\u00e4rz 2025): 2. im Gesamtklassement sowie Sieg bei der Nachwuchswertung<\/li><li>Criterium du Dauphine (Juni 2025): 3. Gesamtplatz, wieder Nachwuchswertung gewonnen \u2013 nur hinter Pogacar und Vingegaard<\/li><li>Mehrfach zeigt er, dass er konstant Top\u20115 fahren kann \u2013 ein Zeichen starker Grundform.<\/li><\/ul><\/li><li>Cyclingnews: \u201eDark horse f\u00fcr das Podium ebenso wie Top-Anw\u00e4rter f\u00fcr das Wei\u00dfe Trikot .&#8220;<\/li><li>Jan Ullrich: &#8222;Ein junger, sehr starker Fahrer \u2013 Potential f\u00fcr einen finalen Vorsto\u00df in den Topbereich&#8220;<strong><br \/><\/strong><\/li><\/ul><\/li><\/ul><\/li><\/ul>\t\t\t\t\t\t\t\t<\/div>\n\t\t\t\t<\/div>\n\t\t\t\t\t<\/div>\n\t\t<\/div>\n\t\t\t\t\t<\/div>\n\t\t<\/section>\n\t\t\t\t<section class=\"elementor-section elementor-top-section elementor-element elementor-element-48c6ab97 elementor-section-boxed elementor-section-height-default elementor-section-height-default\" data-id=\"48c6ab97\" data-element_type=\"section\">\n\t\t\t\t\t\t<div class=\"elementor-container elementor-column-gap-default\">\n\t\t\t\t\t<div class=\"elementor-column elementor-col-100 elementor-top-column elementor-element elementor-element-6c667fba\" data-id=\"6c667fba\" data-element_type=\"column\">\n\t\t\t<div class=\"elementor-widget-wrap elementor-element-populated\">\n\t\t\t\t\t\t<div class=\"elementor-element elementor-element-60f37561 elementor-position-left elementor-view-default elementor-mobile-position-top elementor-widget elementor-widget-icon-box\" data-id=\"60f37561\" data-element_type=\"widget\" data-widget_type=\"icon-box.default\">\n\t\t\t\t<div class=\"elementor-widget-container\">\n\t\t\t\t\t\t\t<div class=\"elementor-icon-box-wrapper\">\n\n\t\t\t\t\t\t<div class=\"elementor-icon-box-icon\">\n\t\t\t\t<span  class=\"elementor-icon\">\n\t\t\t\t<i aria-hidden=\"true\" class=\"fas fa-tv\"><\/i>\t\t\t\t<\/span>\n\t\t\t<\/div>\n\t\t\t\n\t\t\t\t\t\t<div class=\"elementor-icon-box-content\">\n\n\t\t\t\t\t\t\t\t\t<h3 class=\"elementor-icon-box-title\">\n\t\t\t\t\t\t<span  >\n\t\t\t\t\t\t\tTour de France 2025 im TV oder Livestream\t\t\t\t\t\t<\/span>\n\t\t\t\t\t<\/h3>\n\t\t\t\t\n\t\t\t\t\t\t\t\t\t<p class=\"elementor-icon-box-description\">\n\t\t\t\t\t\tZu sehen gibt es die Touretappen im Free-TV bei <b>Eurosport<\/b> und der <b>ARD<\/b>.\t\t\t\t\t<\/p>\n\t\t\t\t\n\t\t\t<\/div>\n\t\t\t\n\t\t<\/div>\n\t\t\t\t\t\t<\/div>\n\t\t\t\t<\/div>\n\t\t\t\t\t<\/div>\n\t\t<\/div>\n\t\t\t\t\t<\/div>\n\t\t<\/section>\n\t\t\t\t<section class=\"elementor-section elementor-top-section elementor-element elementor-element-e394a82 elementor-section-boxed elementor-section-height-default elementor-section-height-default\" data-id=\"e394a82\" data-element_type=\"section\">\n\t\t\t\t\t\t<div class=\"elementor-container elementor-column-gap-default\">\n\t\t\t\t\t<div class=\"elementor-column elementor-col-100 elementor-top-column elementor-element elementor-element-ed8ba44\" data-id=\"ed8ba44\" data-element_type=\"column\">\n\t\t\t<div class=\"elementor-widget-wrap elementor-element-populated\">\n\t\t\t\t\t\t<div class=\"elementor-element elementor-element-bf9a904 elementor-widget elementor-widget-heading\" data-id=\"bf9a904\" data-element_type=\"widget\" data-widget_type=\"heading.default\">\n\t\t\t\t<div class=\"elementor-widget-container\">\n\t\t\t\t\t<h3 class=\"elementor-heading-title elementor-size-default\">Klassement-Favoriten nach Quoten (Stand 2. Jul 2025)<\/h3>\t\t\t\t<\/div>\n\t\t\t\t<\/div>\n\t\t\t\t<div class=\"elementor-element elementor-element-dfd65be elementor-widget elementor-widget-menu-anchor\" data-id=\"dfd65be\" data-element_type=\"widget\" data-widget_type=\"menu-anchor.default\">\n\t\t\t\t<div class=\"elementor-widget-container\">\n\t\t\t\t\t\t\t<div class=\"elementor-menu-anchor\" id=\"tdf-favoriten\"><\/div>\n\t\t\t\t\t\t<\/div>\n\t\t\t\t<\/div>\n\t\t\t\t<section class=\"elementor-section elementor-inner-section elementor-element elementor-element-92196bb elementor-section-boxed elementor-section-height-default elementor-section-height-default\" data-id=\"92196bb\" data-element_type=\"section\">\n\t\t\t\t\t\t<div class=\"elementor-container elementor-column-gap-default\">\n\t\t\t\t\t<div class=\"elementor-column elementor-col-33 elementor-inner-column elementor-element elementor-element-65031fb\" data-id=\"65031fb\" data-element_type=\"column\">\n\t\t\t<div class=\"elementor-widget-wrap elementor-element-populated\">\n\t\t\t\t\t\t<div class=\"elementor-element elementor-element-bc09834 elementor-widget elementor-widget-text-editor\" data-id=\"bc09834\" data-element_type=\"widget\" data-widget_type=\"text-editor.default\">\n\t\t\t\t<div class=\"elementor-widget-container\">\n\t\t\t\t\t\t\t\t\t<p><strong><a href=\"https:\/\/www.oddset.de\/de\/sports\/events\/tour-de-france-2025-gesamtwertung-16094241\" target=\"_blank\" rel=\"noopener\"><span class=\"riderInfos__teamName\">\ud83d\udfe1<\/span><\/a><\/strong><\/p><p><strong>#1 T. Pogacar<\/strong> \ud83c\uddf8\ud83c\uddee (1,35)<\/p><p><span class=\"riderInfos__teamName\">#2 Vingegaard (3,5)<\/span><\/p><p><span class=\"riderInfos__teamName\">#3 Evenepoel (11,0)<\/span><\/p><p><span class=\"riderInfos__teamName\">#4 Almeida (19,0)<\/span><\/p><p><span class=\"riderInfos__teamName\">#5 Roglic (34,0)<\/span><\/p><p><span class=\"riderInfos__teamName\">#6 Lipowitz (34,0)<\/span><\/p><p><span class=\"riderInfos__teamName\"><a href=\"https:\/\/www.oddset.de\/de\/sports\/events\/tour-de-france-2025-gesamtwertung-16094241\" target=\"_blank\" rel=\"noopener\"><strong> TIPP \ud83d\udc49<\/strong>\u00a0<\/a><\/span><\/p>\t\t\t\t\t\t\t\t<\/div>\n\t\t\t\t<\/div>\n\t\t\t\t\t<\/div>\n\t\t<\/div>\n\t\t\t\t<div class=\"elementor-column elementor-col-33 elementor-inner-column elementor-element elementor-element-ba2490e\" data-id=\"ba2490e\" data-element_type=\"column\">\n\t\t\t<div class=\"elementor-widget-wrap elementor-element-populated\">\n\t\t\t\t\t\t<div class=\"elementor-element elementor-element-e1bf449 elementor-widget elementor-widget-text-editor\" data-id=\"e1bf449\" data-element_type=\"widget\" data-widget_type=\"text-editor.default\">\n\t\t\t\t<div class=\"elementor-widget-container\">\n\t\t\t\t\t\t\t\t\t<p><a href=\"https:\/\/www.oddset.de\/de\/sports\/events\/tour-de-france-2025-punktewertung-17745716\" target=\"_blank\" rel=\"noopener\"><span class=\"riderInfos__teamName\">\ud83d\udfe2<\/span><\/a><\/p><p><span class=\"riderInfos__teamName\"><strong>#1 J.<\/strong> <\/span><strong>Milan <\/strong>(3,25)<\/p><p>#2 Philipsen (4,0)<\/p><p>#3 van Aert (6,0)<\/p><p>#4 van der Poel (6,5)<\/p><p>#5 Merlier (7,0)<\/p><p><span class=\"riderInfos__teamName\"><a href=\"https:\/\/www.oddset.de\/de\/sports\/events\/tour-de-france-2025-punktewertung-17745716\"><strong>Tipp<\/strong> <strong>\ud83d\udc49<\/strong><\/a><\/span><\/p>\t\t\t\t\t\t\t\t<\/div>\n\t\t\t\t<\/div>\n\t\t\t\t\t<\/div>\n\t\t<\/div>\n\t\t\t\t<div class=\"elementor-column elementor-col-33 elementor-inner-column elementor-element elementor-element-a380e2f\" data-id=\"a380e2f\" data-element_type=\"column\">\n\t\t\t<div class=\"elementor-widget-wrap elementor-element-populated\">\n\t\t\t\t\t\t<div class=\"elementor-element elementor-element-c56972e elementor-widget elementor-widget-text-editor\" data-id=\"c56972e\" data-element_type=\"widget\" data-widget_type=\"text-editor.default\">\n\t\t\t\t<div class=\"elementor-widget-container\">\n\t\t\t\t\t\t\t\t\t<p><a href=\"https:\/\/www.oddset.de\/de\/sports\/events\/tour-de-france-2025-bergwertung-17745715\" target=\"_blank\" rel=\"noopener\"><span class=\"riderInfos__teamName\">\u26aa\ufe0f\ud83d\udd34<\/span><\/a><\/p><p><strong><span class=\"riderInfos__teamName\">#1 <\/span>T. Pogacar<\/strong> \ud83c\uddf8\ud83c\uddee (2,25)<\/p><p><span class=\"riderInfos__teamName\">#2 Vingegaard (7,0)<\/span><\/p><p><span class=\"riderInfos__teamName\">#3 <\/span><span class=\"riderInfos__teamName\">L. Martinez (11,0)<\/span><\/p><p><span class=\"riderInfos__teamName\">#4 M. Storer (19,0)<\/span><\/p><p><span class=\"riderInfos__teamName\">#5 F. Gall (21,0)<\/span><\/p><p><span class=\"riderInfos__teamName\">#6 B. Healy (26,0)<\/span><\/p><p><span class=\"riderInfos__teamName\"><a href=\"https:\/\/www.oddset.de\/de\/sports\/events\/tour-de-france-2025-bergwertung-17745715\" target=\"_blank\" rel=\"noopener\"><strong>TIPP <\/strong><\/a><a href=\"https:\/\/www.oddset.de\/de\/sports\/events\/tour-de-france-2025-bergwertung-17745715\" target=\"_blank\" rel=\"noopener\"><strong>\ud83d\udc49<\/strong><\/a><\/span><\/p>\t\t\t\t\t\t\t\t<\/div>\n\t\t\t\t<\/div>\n\t\t\t\t\t<\/div>\n\t\t<\/div>\n\t\t\t\t\t<\/div>\n\t\t<\/section>\n\t\t\t\t\t<\/div>\n\t\t<\/div>\n\t\t\t\t\t<\/div>\n\t\t<\/section>\n\t\t\t\t<section class=\"elementor-section elementor-top-section elementor-element elementor-element-9706efd elementor-section-boxed elementor-section-height-default elementor-section-height-default\" data-id=\"9706efd\" data-element_type=\"section\">\n\t\t\t\t\t\t<div class=\"elementor-container elementor-column-gap-default\">\n\t\t\t\t\t<div class=\"elementor-column elementor-col-100 elementor-top-column elementor-element elementor-element-f42e096\" data-id=\"f42e096\" data-element_type=\"column\">\n\t\t\t<div class=\"elementor-widget-wrap elementor-element-populated\">\n\t\t\t\t\t\t<div class=\"elementor-element elementor-element-cd83849 elementor-widget elementor-widget-menu-anchor\" data-id=\"cd83849\" data-element_type=\"widget\" data-widget_type=\"menu-anchor.default\">\n\t\t\t\t<div class=\"elementor-widget-container\">\n\t\t\t\t\t\t\t<div class=\"elementor-menu-anchor\" id=\"tdf-etappenplan\"><\/div>\n\t\t\t\t\t\t<\/div>\n\t\t\t\t<\/div>\n\t\t\t\t<div class=\"elementor-element elementor-element-ab2c988 elementor-widget elementor-widget-heading\" data-id=\"ab2c988\" data-element_type=\"widget\" data-widget_type=\"heading.default\">\n\t\t\t\t<div class=\"elementor-widget-container\">\n\t\t\t\t\t<h3 class=\"elementor-heading-title elementor-size-default\">Etappenplan - Tour de France 2025<\/h3>\t\t\t\t<\/div>\n\t\t\t\t<\/div>\n\t\t\t\t<div class=\"elementor-element elementor-element-5f36589 elementor-widget elementor-widget-text-editor\" data-id=\"5f36589\" data-element_type=\"widget\" data-widget_type=\"text-editor.default\">\n\t\t\t\t<div class=\"elementor-widget-container\">\n\t\t\t\t\t\t\t\t\t<ul><li>112. Tour de France<\/li><li>Start: 5. Juli in Lille &gt;&gt;\u00a0Ziel: 27. Juli in Paris auf dem Champs\u2011Elysees<\/li><li>Gesamtstrecke: 3 320 km in 21 Etappen, insgesamt 52 500 H\u00f6henmeter!<\/li><li>Etappenprofile:\u00a07 x flach,\u00a06 x h\u00fcgelig,\u00a06 x Berge,\u00a02 x Zeitfahren<\/li><\/ul>\t\t\t\t\t\t\t\t<\/div>\n\t\t\t\t<\/div>\n\t\t\t\t<div class=\"elementor-element elementor-element-ac284bd elementor-widget elementor-widget-text-editor\" data-id=\"ac284bd\" data-element_type=\"widget\" data-widget_type=\"text-editor.default\">\n\t\t\t\t<div class=\"elementor-widget-container\">\n\t\t\t\t\t\t\t\t\t<h4>Highlights<\/h4><ul><li><strong>Einzelzeitfahren:<\/strong> 9.\u202fJuli, Caen, 33\u202fkm flach<\/li><li><strong>Bergzeitfahren:<\/strong> 18.\u202fJuli, Loudenvielle \u2192 Peyragudes (11\u202fkm rein bergauf)<\/li><li><strong>R\u00fcckkehr des Mont Ventoux:<\/strong> 22.\u202fJuli, Ankunft am Gipfel nach 171,5\u202fkm<\/li><li><strong>K\u00f6nigsetappe in den Alpen:<\/strong> 24. Juli \u00fcber den Col de la Loze (2\u202f304\u202fm) \u2014 h\u00e4rtester Tag<\/li><li><strong>Letzte Bergetappe:<\/strong> 25. Juli, Schlussanstieg in La Plagne (2\u202f052\u202fm)<\/li><li><strong>Schlussetappe:<\/strong> 27. Juli, erstmals \u00fcber Montmartre und dann Champs\u2011\u00c9lys\u00e9es, inspiriert vom Olympia-Kurs.<\/li><\/ul>\t\t\t\t\t\t\t\t<\/div>\n\t\t\t\t<\/div>\n\t\t\t\t<div class=\"elementor-element elementor-element-a26a75c elementor-widget elementor-widget-shortcode\" data-id=\"a26a75c\" data-element_type=\"widget\" data-widget_type=\"shortcode.default\">\n\t\t\t\t<div class=\"elementor-widget-container\">\n\t\t\t\t\t\t\t<div class=\"elementor-shortcode\">The table with ID 83 not exists.<\/div>\n\t\t\t\t\t\t<\/div>\n\t\t\t\t<\/div>\n\t\t\t\t\t<\/div>\n\t\t<\/div>\n\t\t\t\t\t<\/div>\n\t\t<\/section>\n\t\t\t\t<section class=\"elementor-section elementor-top-section elementor-element elementor-element-536fb6d elementor-section-boxed elementor-section-height-default elementor-section-height-default\" data-id=\"536fb6d\" data-element_type=\"section\">\n\t\t\t\t\t\t<div class=\"elementor-container elementor-column-gap-default\">\n\t\t\t\t\t<div class=\"elementor-column elementor-col-100 elementor-top-column elementor-element elementor-element-cfb4569\" data-id=\"cfb4569\" data-element_type=\"column\">\n\t\t\t<div class=\"elementor-widget-wrap elementor-element-populated\">\n\t\t\t\t\t\t\t<\/div>\n\t\t<\/div>\n\t\t\t\t\t<\/div>\n\t\t<\/section>\n\t\t\t\t<section class=\"elementor-section elementor-top-section elementor-element elementor-element-748a471 elementor-section-boxed elementor-section-height-default elementor-section-height-default\" data-id=\"748a471\" data-element_type=\"section\">\n\t\t\t\t\t\t<div class=\"elementor-container elementor-column-gap-default\">\n\t\t\t\t\t<div class=\"elementor-column elementor-col-100 elementor-top-column elementor-element elementor-element-c0b15aa\" data-id=\"c0b15aa\" data-element_type=\"column\">\n\t\t\t<div class=\"elementor-widget-wrap elementor-element-populated\">\n\t\t\t\t\t\t<div class=\"elementor-element elementor-element-63fd7af elementor-widget elementor-widget-wp-widget-wp_widget_recent_post\" data-id=\"63fd7af\" data-element_type=\"widget\" data-widget_type=\"wp-widget-wp_widget_recent_post.default\">\n\t\t\t\t<div class=\"elementor-widget-container\">\n\t\t\t\t\t\n        <div class=\"article\">\n            <div class=\"articleHeaderWrapper\">\n                <div class=\"articleCategory\">\n                    <div class=\"articleCategory--icon\"><i class=\"oddicon-cycling\"><\/i><\/div><a href=\"https:\/\/www.oddset.de\/blog\/radsport\/\">Radsport<\/a><a href=\"https:\/\/www.oddset.de\/blog\/radsport\/tour-de-france\/\">Tour de France<\/a><\/div>\n                    <div class=\"clear\"><\/div>\n                    <div class=\"articleInner\">\n                        <div class=\"articleTitle\"><h3><a href=\"https:\/\/www.oddset.de\/blog\/radsport\/tour-de-france\/welcher-radfahrer-gewinnt-die-tour-de-france\/\">Welcher Radfahrer gewinnt die Tour de France?<\/a><\/h3><\/div>\n                        <div class=\"articleMeta\">\n                            <div class=\"articleImage\"><a href=\"https:\/\/www.oddset.de\/blog\/radsport\/tour-de-france\/welcher-radfahrer-gewinnt-die-tour-de-france\/\"><img fetchpriority=\"high\" decoding=\"async\" width=\"1024\" height=\"640\" src=\"https:\/\/www.oddset.de\/blog\/wp-content\/uploads\/2022\/07\/tour-de-france-2022-gelbfz.jpg\" class=\"attachment-full size-full wp-post-image\" alt=\"Welcher Radfahrer gewinnt die Tour de France?\" srcset=\"https:\/\/www.oddset.de\/blog\/wp-content\/uploads\/2022\/07\/tour-de-france-2022-gelbfz.jpg 1024w, https:\/\/www.oddset.de\/blog\/wp-content\/uploads\/2022\/07\/tour-de-france-2022-gelbfz-300x188.jpg 300w, https:\/\/www.oddset.de\/blog\/wp-content\/uploads\/2022\/07\/tour-de-france-2022-gelbfz-768x480.jpg 768w\" sizes=\"(max-width: 1024px) 100vw, 1024px\" \/><\/a><\/div>\n                            \n                        <\/div>\n                        <div class=\"articleTeaserText\"><span class=\"exerptDate\" itemprop=\"startDate\">18. Juli 2022<\/span><br\/><p>Vor der letzten Woche ist der D\u00e4ne Jonas Vingegaard im gelben Trikot. Doch Vorjahressieger Tadej Pogacar aus Slowenien und der Waliser Geraint Thomas haben noch nicht aufgegeben und wollen den F\u00fchrenden in den Pyren\u00e4en und beim letzten Zeitfahren attackieren.<\/p>\n<\/div>\n                        <div class=\"articleReadmore\"><a href=\"https:\/\/www.oddset.de\/blog\/radsport\/tour-de-france\/welcher-radfahrer-gewinnt-die-tour-de-france\/\" class=\"button\">lesen<\/a><\/div>\n                <\/div>\n            <\/div>\n        <\/div>\t\t\t\t<\/div>\n\t\t\t\t<\/div>\n\t\t\t\t\t<\/div>\n\t\t<\/div>\n\t\t\t\t\t<\/div>\n\t\t<\/section>\n\t\t\t\t<section class=\"elementor-section elementor-top-section elementor-element elementor-element-dbd8e48 elementor-section-boxed elementor-section-height-default elementor-section-height-default\" data-id=\"dbd8e48\" data-element_type=\"section\">\n\t\t\t\t\t\t<div class=\"elementor-container elementor-column-gap-default\">\n\t\t\t\t\t<div class=\"elementor-column elementor-col-100 elementor-top-column elementor-element elementor-element-28e37ab\" data-id=\"28e37ab\" data-element_type=\"column\">\n\t\t\t<div class=\"elementor-widget-wrap elementor-element-populated\">\n\t\t\t\t\t\t<div class=\"elementor-element elementor-element-d1ff437 elementor-widget elementor-widget-menu-anchor\" data-id=\"d1ff437\" data-element_type=\"widget\" data-widget_type=\"menu-anchor.default\">\n\t\t\t\t<div class=\"elementor-widget-container\">\n\t\t\t\t\t\t\t<div class=\"elementor-menu-anchor\" id=\"tdf-historie\"><\/div>\n\t\t\t\t\t\t<\/div>\n\t\t\t\t<\/div>\n\t\t\t\t<div class=\"elementor-element elementor-element-a55beda elementor-widget elementor-widget-heading\" data-id=\"a55beda\" data-element_type=\"widget\" data-widget_type=\"heading.default\">\n\t\t\t\t<div class=\"elementor-widget-container\">\n\t\t\t\t\t<h2 class=\"elementor-heading-title elementor-size-default\">Historie der Tour de France<\/h2>\t\t\t\t<\/div>\n\t\t\t\t<\/div>\n\t\t\t\t\t<\/div>\n\t\t<\/div>\n\t\t\t\t\t<\/div>\n\t\t<\/section>\n\t\t\t\t<section class=\"elementor-section elementor-top-section elementor-element elementor-element-e0d8abf elementor-section-boxed elementor-section-height-default elementor-section-height-default\" data-id=\"e0d8abf\" data-element_type=\"section\">\n\t\t\t\t\t\t<div class=\"elementor-container elementor-column-gap-default\">\n\t\t\t\t\t<div class=\"elementor-column elementor-col-100 elementor-top-column elementor-element elementor-element-e12863b\" data-id=\"e12863b\" data-element_type=\"column\">\n\t\t\t<div class=\"elementor-widget-wrap elementor-element-populated\">\n\t\t\t\t\t\t<div class=\"elementor-element elementor-element-a048372 elementor-widget elementor-widget-text-editor\" data-id=\"a048372\" data-element_type=\"widget\" data-widget_type=\"text-editor.default\">\n\t\t\t\t<div class=\"elementor-widget-container\">\n\t\t\t\t\t\t\t\t\t<h3>Die gr\u00f6\u00dften Tour-de-France-Fahrer aller Zeiten<\/h3><ul><li><strong>7 Tour-Siege:<\/strong><ul><li><del>* Lance Armstrong | 1999 &#8211; 2005<\/del><\/li><\/ul><\/li><li><strong>5 Tour-Siege:<\/strong><ul><li>Jaques Anquetil | 1957, 1961 &#8211; 1964<\/li><li>Eddy Merckx | 1969 &#8211; 1972, 1974<\/li><li>Bernard Hinault | 1978, 1979, 1981, 1982, 1985<\/li><li>Miguel Indurain | 1991 &#8211; 1995<\/li><\/ul><\/li><li><strong>4 Tour-Siege:<\/strong><ul><li>Chris Froome | 2013, 2015 &#8211; 2017<\/li><li>Tadej Pogacar | 2020, 2021, 2024, 2025<\/li><\/ul><\/li><li><strong>3 Tour-Siege:<\/strong><ul><li>Philippe Thys | 1913, 1914, 1920<\/li><li>Louison Bobet | 1953 &#8211; 1955<\/li><li>Greg LeMond | 1986, 1989, 1990<\/li><\/ul><\/li><\/ul><p>* Lance Armstrong wurden alle 7 Tour-Siege nachtr\u00e4glich, aufgrund einer Disqualifikation wegen Dopings, aberkannt.<\/p><h3>Top 5 Platzierungen Deutscher Fahrer bei der Tour de France<\/h3><ul><li>2025 Florian Lipowitz | 3. Platz<\/li><li>2019 Emanuel Buchmann | 4. Platz<\/li><li>2009 Andreas Kl\u00f6den | 5. Platz<\/li><li>2006 Andreas Kl\u00f6den | 2. Platz<\/li><li>2004 Andreas Kl\u00f6den | 2. Platz<\/li><li>2004 Jan Ullrich | 4. Platz<\/li><li>2003 Jan Ullrich | 2. Platz<\/li><li>2001 Jan Ullrich | 2. Platz<\/li><li>2000 Jan Ullrich | 2. Platz<\/li><li>1998 Jan Ullrich | 2. Platz<\/li><li><strong>1997 Jan Ullrich | 1. Platz<\/strong><\/li><li>1996 Jan Ullrich | 2. Platz<\/li><li>1977 Dietrich Thurau | 5. Platz<\/li><li>1961 Hans Junkermann | 5. Platz<\/li><li>1960 Hans Junkermann | 4. Platz<\/li><li>1932 Kurt St\u00f6pel | 2. Platz<\/li><\/ul>\t\t\t\t\t\t\t\t<\/div>\n\t\t\t\t<\/div>\n\t\t\t\t\t<\/div>\n\t\t<\/div>\n\t\t\t\t\t<\/div>\n\t\t<\/section>\n\t\t\t\t<section class=\"elementor-section elementor-top-section elementor-element elementor-element-a6bd94a elementor-section-boxed elementor-section-height-default elementor-section-height-default\" data-id=\"a6bd94a\" data-element_type=\"section\">\n\t\t\t\t\t\t<div class=\"elementor-container elementor-column-gap-default\">\n\t\t\t\t\t<div class=\"elementor-column elementor-col-100 elementor-top-column elementor-element elementor-element-b3901ac\" data-id=\"b3901ac\" data-element_type=\"column\">\n\t\t\t<div class=\"elementor-widget-wrap elementor-element-populated\">\n\t\t\t\t\t\t<div class=\"elementor-element elementor-element-3bb5085 elementor-widget elementor-widget-text-editor\" data-id=\"3bb5085\" data-element_type=\"widget\" data-widget_type=\"text-editor.default\">\n\t\t\t\t<div class=\"elementor-widget-container\">\n\t\t\t\t\t\t\t\t\t<h3>Tour de France 2024<\/h3><p>Die 111. Tour de France startete am 1. Juli in Florenz. Premiere, zum ersten Mal in ihrer Geschichte startete die Tour in Italien! Nach 21 Etappen mit etwa 3498 Kilometern rollten die 22 Teams mit ihren jeweils acht Fahrern nach Nizza. Nein, das ist kein Fehler, 2024 fiel Paris wegen der Olympischen Spiele aus. \u00dcbrigens das erste Mal, das Le Tour nicht in der Hauptstadt endete! Aufgeteilt war die Rundfahrt in acht Flachetappen, vier in h\u00fcgeligem Gel\u00e4nde, sieben im Gebirge (mit vier Bergank\u00fcnften in Saint-Lary-Soulan Pla d\u2019Adet, Plateau de Beille, Isola 2000, Col de la Couillole) und zwei Zeitfahren. Dazu wurden den 176 Fahrern noch ganze zwei Ruhetage geg\u00f6nnt.<\/p>\t\t\t\t\t\t\t\t<\/div>\n\t\t\t\t<\/div>\n\t\t\t\t<div class=\"elementor-element elementor-element-5f0857a elementor-widget elementor-widget-text-editor\" data-id=\"5f0857a\" data-element_type=\"widget\" data-widget_type=\"text-editor.default\">\n\t\t\t\t<div class=\"elementor-widget-container\">\n\t\t\t\t\t\t\t\t\t<h4>*** Letzte Tour-Nachrichten ***<strong><br \/><\/strong><\/h4><ul><li><strong>So., <\/strong>21.7.: Mit seinem dritten Etappensieg in Folge \u2013\u00a0 dem sechsten insgesamt bei dieser Rundfahrt \u2013 holt sich <strong>Tadej Pogacar<\/strong> souver\u00e4n den dritten Toursieg. \u00dcber eine Minute hat er im finalen Zeitfahren dem Zweiten Jonas Vingegaard abgenommen \ud83d\ude2e<\/li><li><strong>Trikots: <br \/><span class=\"riderInfos__teamName\">\ud83d\udfe1<\/span><\/strong> <strong>T. Pogacar<\/strong> \ud83c\uddf8\ud83c\uddee 83.38:56 St <span class=\"riderInfos__teamName\">(Vingegaard + 6:17 min, Evenepoel + 9:18, Almeida + 19:03 &#8230; );<br \/><\/span><span class=\"riderInfos__teamName\">\ud83d\udfe2 <strong>B.<\/strong> <\/span><strong>Girmay<\/strong> \ud83c\uddea\ud83c\uddf7\u00a0 387 Pkte (Philipsen 354, Coquard 208, Pogacar 196, Turgis 180 &#8230;)<span class=\"riderInfos__teamName\"><br \/><\/span><span class=\"riderInfos__teamName\">\u26aa\ufe0f\ud83d\udd34 <strong>R. Carapaz<\/strong> \ud83c\uddea\ud83c\udde8 127 Pkte (Pogacar 102, Vingegaard 70, Jorgenson 54, Evenepoel 50 &#8230;); <br \/><\/span><\/li><\/ul>\t\t\t\t\t\t\t\t<\/div>\n\t\t\t\t<\/div>\n\t\t\t\t<div class=\"elementor-element elementor-element-548d846 elementor-widget elementor-widget-heading\" data-id=\"548d846\" data-element_type=\"widget\" data-widget_type=\"heading.default\">\n\t\t\t\t<div class=\"elementor-widget-container\">\n\t\t\t\t\t<h4 class=\"elementor-heading-title elementor-size-default\">Etappenplan 2024<\/h4>\t\t\t\t<\/div>\n\t\t\t\t<\/div>\n\t\t\t\t<div class=\"elementor-element elementor-element-05aec81 elementor-widget elementor-widget-shortcode\" data-id=\"05aec81\" data-element_type=\"widget\" data-widget_type=\"shortcode.default\">\n\t\t\t\t<div class=\"elementor-widget-container\">\n\t\t\t\t\t\t\t<div class=\"elementor-shortcode\">The table with ID 26 not exists.<\/div>\n\t\t\t\t\t\t<\/div>\n\t\t\t\t<\/div>\n\t\t\t\t\t<\/div>\n\t\t<\/div>\n\t\t\t\t\t<\/div>\n\t\t<\/section>\n\t\t\t\t<section class=\"elementor-section elementor-top-section elementor-element elementor-element-59ca4ba elementor-section-boxed elementor-section-height-default elementor-section-height-default\" data-id=\"59ca4ba\" data-element_type=\"section\">\n\t\t\t\t\t\t<div class=\"elementor-container elementor-column-gap-default\">\n\t\t\t\t\t<div class=\"elementor-column elementor-col-100 elementor-top-column elementor-element elementor-element-d20836c\" data-id=\"d20836c\" data-element_type=\"column\">\n\t\t\t<div class=\"elementor-widget-wrap elementor-element-populated\">\n\t\t\t\t\t\t<div class=\"elementor-element elementor-element-6031133 elementor-widget-divider--view-line elementor-widget elementor-widget-divider\" data-id=\"6031133\" data-element_type=\"widget\" data-widget_type=\"divider.default\">\n\t\t\t\t<div class=\"elementor-widget-container\">\n\t\t\t\t\t\t\t<div class=\"elementor-divider\">\n\t\t\t<span class=\"elementor-divider-separator\">\n\t\t\t\t\t\t<\/span>\n\t\t<\/div>\n\t\t\t\t\t\t<\/div>\n\t\t\t\t<\/div>\n\t\t\t\t\t<\/div>\n\t\t<\/div>\n\t\t\t\t\t<\/div>\n\t\t<\/section>\n\t\t\t\t<section class=\"elementor-section elementor-top-section elementor-element elementor-element-c934b53 elementor-section-boxed elementor-section-height-default elementor-section-height-default\" data-id=\"c934b53\" data-element_type=\"section\">\n\t\t\t\t\t\t<div class=\"elementor-container elementor-column-gap-default\">\n\t\t\t\t\t<div class=\"elementor-column elementor-col-100 elementor-top-column elementor-element elementor-element-cbf42d1\" data-id=\"cbf42d1\" data-element_type=\"column\">\n\t\t\t<div class=\"elementor-widget-wrap elementor-element-populated\">\n\t\t\t\t\t\t<div class=\"elementor-element elementor-element-f6949c3 elementor-widget elementor-widget-text-editor\" data-id=\"f6949c3\" data-element_type=\"widget\" data-widget_type=\"text-editor.default\">\n\t\t\t\t<div class=\"elementor-widget-container\">\n\t\t\t\t\t\t\t\t\t<h3>Tour de France 2023<\/h3><h4>Etappenplan, Sieger und gelbes Trikot<\/h4>\t\t\t\t\t\t\t\t<\/div>\n\t\t\t\t<\/div>\n\t\t\t\t<div class=\"elementor-element elementor-element-a321816 elementor-widget elementor-widget-text-editor\" data-id=\"a321816\" data-element_type=\"widget\" data-widget_type=\"text-editor.default\">\n\t\t\t\t<div class=\"elementor-widget-container\">\n\t\t\t\t\t\t\t\t\t<div class=\"table-responsive\"><table  style=\"width:100%; \"  class=\"easy-table easy-table-default \" >\n<thead>\r\n<tr><th >Etappe \u2013 Tag<\/th>\n<th >Typ<\/th>\n<th >Start &gt; Ziel<\/th>\n<th >km<\/th>\n<th >Sieg<\/th>\n<th >Gelb<\/th>\n<\/tr>\n<\/thead>\n<tbody>\r\n<tr><td >1 \u2013 SA 1.7.<\/td>\n<td >h\u00fcgelig<\/td>\n<td >Bilbao &gt; Bilbao<\/td>\n<td >182<\/td>\n<td >A.Yates<\/td>\n<td >A.Yates<\/td>\n<\/tr>\n\r\n<tr><td >2 \u2013 SO 2.7.<\/td>\n<td >h\u00fcgelig<\/td>\n<td >Vitoria-Gasteiz &gt; Saint-S\u00e9bastien<\/td>\n<td >209<\/td>\n<td >Lafay<\/td>\n<td >A.Yates<\/td>\n<\/tr>\n\r\n<tr><td >3 \u2013 MO 3.7.<\/td>\n<td >Flach<\/td>\n<td >Amorebieta-Etxano &gt; Bayonne<\/td>\n<td >185<\/td>\n<td >Philipsen<\/td>\n<td >A.Yates<\/td>\n<\/tr>\n\r\n<tr><td >4 \u2013 DI 4.7.<\/td>\n<td >Flach<\/td>\n<td >Dax &gt; Nogaro<\/td>\n<td >182<\/td>\n<td >Philipsen<\/td>\n<td >A.Yates<\/td>\n<\/tr>\n\r\n<tr><td >5 \u2013 MI 5.7.<\/td>\n<td >Berg<\/td>\n<td >Pau &gt; Laruns<\/td>\n<td >165<\/td>\n<td >Hindley<\/td>\n<td >Hindley<\/td>\n<\/tr>\n\r\n<tr><td >6 \u2013 DO 6.7.<\/td>\n<td >Berg<\/td>\n<td >Tarbes &gt; Cauterets-Cambasque<\/td>\n<td >145<\/td>\n<td >Pogacar<\/td>\n<td >Vingegaard<\/td>\n<\/tr>\n\r\n<tr><td >7 \u2013 FR 7.7.<\/td>\n<td >Flach<\/td>\n<td >Mont-de-Marsan &gt; Bordeaux<\/td>\n<td >170<\/td>\n<td >Philipsen<\/td>\n<td >Vingegaard<\/td>\n<\/tr>\n\r\n<tr><td >8 \u2013 SA 8.7.<\/td>\n<td >H\u00fcgelig<\/td>\n<td >Libourne &gt; Limoges<\/td>\n<td >201<\/td>\n<td >Pedersen<\/td>\n<td >Vingegaard<\/td>\n<\/tr>\n\r\n<tr><td >9 \u2013 SO 9.7.<\/td>\n<td >Berg<\/td>\n<td >St-Leonard-de-Noblat &gt; Puy de Dome<\/td>\n<td >184<\/td>\n<td >Woods<\/td>\n<td >Vingegaard<\/td>\n<\/tr>\n\r\n<tr><td >MO 10.7.<\/td>\n<td >Ruhetag<\/td>\n<td >Clermont-Ferrand<\/td>\n<td ><\/td>\n<td ><\/td>\n<td ><\/td>\n<\/tr>\n\r\n<tr><td >10 \u2013 DI 11.7.<\/td>\n<td >h\u00fcgelig<\/td>\n<td >Vulcania &gt; Issoire<\/td>\n<td >167<\/td>\n<td >Bilbao Lopez<\/td>\n<td >Vingegaard<\/td>\n<\/tr>\n\r\n<tr><td >11 \u2013 MI 12.7.<\/td>\n<td >Flach<\/td>\n<td >Clermont-Ferrand &gt; Moulins<\/td>\n<td >180<\/td>\n<td >Philipsen<\/td>\n<td >Vingegaard<\/td>\n<\/tr>\n\r\n<tr><td >12 \u2013 DO 13.7.<\/td>\n<td >H\u00fcgelig<\/td>\n<td >Roanne &gt; Bellev.-en-Beaujolais<\/td>\n<td >169<\/td>\n<td >Izagirre<\/td>\n<td >Vingegaard<\/td>\n<\/tr>\n\r\n<tr><td >13 \u2013 FR 14.7.<\/td>\n<td >Berg<\/td>\n<td >Ch.-sur-Chalaronne &gt; Grand Colombier<\/td>\n<td >138<\/td>\n<td >Kwiatkowski<\/td>\n<td >Vingegaard<\/td>\n<\/tr>\n\r\n<tr><td >14 \u2013 SA 15.7.<\/td>\n<td >Berg<\/td>\n<td >Annemasse &gt; Morz. Les Portes du Soleil<\/td>\n<td >152<\/td>\n<td >Rodriguez<\/td>\n<td >Vingegaard<\/td>\n<\/tr>\n\r\n<tr><td >15 \u2013 SO 16.7.<\/td>\n<td >Berg<\/td>\n<td >Les Gets l.P.d.S. &gt; St-Gervais Mont-Blanc<\/td>\n<td >180<\/td>\n<td >Poels<\/td>\n<td >Vingegaard<\/td>\n<\/tr>\n\r\n<tr><td >MO 17.7.<\/td>\n<td >Ruhetag<\/td>\n<td >Saint-Gervais Mont-Blanc<\/td>\n<td ><\/td>\n<td ><\/td>\n<td ><\/td>\n<\/tr>\n\r\n<tr><td >16 \u2013 DI 18.7.<\/td>\n<td >Zeitfahren<\/td>\n<td > Passy &gt; Combloux<\/td>\n<td >22<\/td>\n<td >Vingegaard<\/td>\n<td >Vingegaard<\/td>\n<\/tr>\n\r\n<tr><td >17 \u2013 MI 19.7.<\/td>\n<td >Berg<\/td>\n<td >St-Gervais Mont-Blanc &gt; Courchevel<\/td>\n<td >166<\/td>\n<td >Gall<\/td>\n<td >Vingegaard<\/td>\n<\/tr>\n\r\n<tr><td >18 \u2013 DO 20.7.<\/td>\n<td >h\u00fcgelig<\/td>\n<td >Moutiers &gt; Bourg-en-Bresse<\/td>\n<td >186<\/td>\n<td >Asgreen<\/td>\n<td >Vingegaard<\/td>\n<\/tr>\n\r\n<tr><td >19 \u2013 FR 21.7<\/td>\n<td >Flach<\/td>\n<td >Moirans-en-Montagne &gt; Poligny<\/td>\n<td >173<\/td>\n<td >Mohoric<\/td>\n<td >Vingegaard<\/td>\n<\/tr>\n\r\n<tr><td >20 \u2013 SA 22.7.<\/td>\n<td >Berg<\/td>\n<td >Belfort &gt; Le Markst. Fellering<\/td>\n<td >133<\/td>\n<td >Pogacar<\/td>\n<td >Vingegaard<\/td>\n<\/tr>\n\r\n<tr><td >21 \u2013 SO 23.7.<\/td>\n<td >Flach<\/td>\n<td >St-Q.-en-Yvel. &gt; Paris Champs-Elysees<\/td>\n<td >115<\/td>\n<td >Meeus<\/td>\n<td >Vingegaard<\/td>\n<\/tr>\n<\/tbody><\/table><\/div>\t\t\t\t\t\t\t\t<\/div>\n\t\t\t\t<\/div>\n\t\t\t\t<div class=\"elementor-element elementor-element-8b8cc21 elementor-widget elementor-widget-text-editor\" data-id=\"8b8cc21\" data-element_type=\"widget\" data-widget_type=\"text-editor.default\">\n\t\t\t\t<div class=\"elementor-widget-container\">\n\t\t\t\t\t\t\t\t\t<h4>Klassements<\/h4>\t\t\t\t\t\t\t\t<\/div>\n\t\t\t\t<\/div>\n\t\t\t\t<div class=\"elementor-element elementor-element-5aa340e elementor-widget elementor-widget-text-editor\" data-id=\"5aa340e\" data-element_type=\"widget\" data-widget_type=\"text-editor.default\">\n\t\t\t\t<div class=\"elementor-widget-container\">\n\t\t\t\t\t\t\t\t\t<h5><img decoding=\"async\" class=\"emoji\" src=\"https:\/\/s.w.org\/images\/core\/emoji\/11\/svg\/1f6b4.svg\" alt=\"\ud83d\udeb4\" \/> <img decoding=\"async\" class=\"emoji\" src=\"https:\/\/s.w.org\/images\/core\/emoji\/11\/svg\/1f49b.svg\" alt=\"\ud83d\udc9b\" \/> Gesamtwertung (Gelbes Trikot) | Top 3<\/h5>\t\t\t\t\t\t\t\t<\/div>\n\t\t\t\t<\/div>\n\t\t\t\t<div class=\"elementor-element elementor-element-84579f6 elementor-widget elementor-widget-text-editor\" data-id=\"84579f6\" data-element_type=\"widget\" data-widget_type=\"text-editor.default\">\n\t\t\t\t<div class=\"elementor-widget-container\">\n\t\t\t\t\t\t\t\t\t<div class=\"table-responsive\"><table  style=\"width:100%; \"  class=\"easy-table easy-table-default \" >\n<thead>\r\n<tr><th >Pos<\/th>\n<th >Fahrer<\/th>\n<th >Team<\/th>\n<th >Zeit<\/th>\n<\/tr>\n<\/thead>\n<tbody>\r\n<tr><td >1<\/td>\n<td >Vingegaard<\/td>\n<td >Jumbo-Visma<\/td>\n<td >82:13:11h<\/td>\n<\/tr>\n\r\n<tr><td >2<\/td>\n<td >Pogacar<\/td>\n<td >UAE<\/td>\n<td >+7:29m<\/td>\n<\/tr>\n\r\n<tr><td >3<\/td>\n<td >A.Yates<\/td>\n<td >UAE<\/td>\n<td >+10:56m<\/td>\n<\/tr>\n<\/tbody><\/table><\/div>\t\t\t\t\t\t\t\t<\/div>\n\t\t\t\t<\/div>\n\t\t\t\t<div class=\"elementor-element elementor-element-0a535aa elementor-widget elementor-widget-text-editor\" data-id=\"0a535aa\" data-element_type=\"widget\" data-widget_type=\"text-editor.default\">\n\t\t\t\t<div class=\"elementor-widget-container\">\n\t\t\t\t\t\t\t\t\t<h5>\ud83d\udeb4 \ud83d\udc9a Punktewertung (Gr\u00fcnes Trikot) | Top 3<\/h5>\t\t\t\t\t\t\t\t<\/div>\n\t\t\t\t<\/div>\n\t\t\t\t<div class=\"elementor-element elementor-element-41d331c elementor-widget elementor-widget-text-editor\" data-id=\"41d331c\" data-element_type=\"widget\" data-widget_type=\"text-editor.default\">\n\t\t\t\t<div class=\"elementor-widget-container\">\n\t\t\t\t\t\t\t\t\t<p><div class=\"table-responsive\"><table  style=\"width:100%; \"  class=\"easy-table easy-table-default \" >\n<thead>\r\n<tr><th >Pos<\/th>\n<th >Fahrer<\/th>\n<th >Team<\/th>\n<th >Punkte<\/th>\n<\/tr>\n<\/thead>\n<tbody>\r\n<tr><td >1<\/td>\n<td >Philipsen<\/td>\n<td >Alpecin-Deceuninck<\/td>\n<td >377<\/td>\n<\/tr>\n\r\n<tr><td >2<\/td>\n<td >Pedersen<\/td>\n<td >Lidl-Trek<\/td>\n<td >258<\/td>\n<\/tr>\n\r\n<tr><td >3<\/td>\n<td >Coquard<\/td>\n<td >Cofidis<\/td>\n<td >203<\/td>\n<\/tr>\n<\/tbody><\/table><\/div><\/p>\t\t\t\t\t\t\t\t<\/div>\n\t\t\t\t<\/div>\n\t\t\t\t<div class=\"elementor-element elementor-element-4bf94a9 elementor-widget elementor-widget-text-editor\" data-id=\"4bf94a9\" data-element_type=\"widget\" data-widget_type=\"text-editor.default\">\n\t\t\t\t<div class=\"elementor-widget-container\">\n\t\t\t\t\t\t\t\t\t<h5>\u00a0<img decoding=\"async\" class=\"emoji\" src=\"https:\/\/s.w.org\/images\/core\/emoji\/11\/svg\/1f6b5.svg\" alt=\"\ud83d\udeb5\" \/> \ud83e\udd0d\u2764\ufe0f\ud83e\udd0d\u2764\ufe0fBergwertung (Gepunktetes Trikot) | Top 3<\/h5>\t\t\t\t\t\t\t\t<\/div>\n\t\t\t\t<\/div>\n\t\t\t\t<div class=\"elementor-element elementor-element-c9fbe95 elementor-widget elementor-widget-text-editor\" data-id=\"c9fbe95\" data-element_type=\"widget\" data-widget_type=\"text-editor.default\">\n\t\t\t\t<div class=\"elementor-widget-container\">\n\t\t\t\t\t\t\t\t\t<p><div class=\"table-responsive\"><table  style=\"width:100%; \"  class=\"easy-table easy-table-default \" >\n<thead>\r\n<tr><th >Pos<\/th>\n<th >Fahrer<\/th>\n<th >Team<\/th>\n<th >Punkte<\/th>\n<\/tr>\n<\/thead>\n<tbody>\r\n<tr><td >1<\/td>\n<td >Ciccone<\/td>\n<td >Lidl-Trek<\/td>\n<td >106<\/td>\n<\/tr>\n\r\n<tr><td >2<\/td>\n<td >Gall<\/td>\n<td >AG2R-Citroen<\/td>\n<td >92<\/td>\n<\/tr>\n\r\n<tr><td >3<\/td>\n<td >Vingegaard<\/td>\n<td >Jumbo-Visma<\/td>\n<td >89<\/td>\n<\/tr>\n<\/tbody><\/table><\/div><\/p>\t\t\t\t\t\t\t\t<\/div>\n\t\t\t\t<\/div>\n\t\t\t\t\t<\/div>\n\t\t<\/div>\n\t\t\t\t\t<\/div>\n\t\t<\/section>\n\t\t\t\t<section class=\"elementor-section elementor-top-section elementor-element elementor-element-601ff4d elementor-section-boxed elementor-section-height-default elementor-section-height-default\" data-id=\"601ff4d\" data-element_type=\"section\">\n\t\t\t\t\t\t<div class=\"elementor-container elementor-column-gap-default\">\n\t\t\t\t\t<div class=\"elementor-column elementor-col-100 elementor-top-column elementor-element elementor-element-c500aef\" data-id=\"c500aef\" data-element_type=\"column\">\n\t\t\t<div class=\"elementor-widget-wrap elementor-element-populated\">\n\t\t\t\t\t\t<div class=\"elementor-element elementor-element-7067bfa elementor-widget-divider--view-line elementor-widget elementor-widget-divider\" data-id=\"7067bfa\" data-element_type=\"widget\" data-widget_type=\"divider.default\">\n\t\t\t\t<div class=\"elementor-widget-container\">\n\t\t\t\t\t\t\t<div class=\"elementor-divider\">\n\t\t\t<span class=\"elementor-divider-separator\">\n\t\t\t\t\t\t<\/span>\n\t\t<\/div>\n\t\t\t\t\t\t<\/div>\n\t\t\t\t<\/div>\n\t\t\t\t\t<\/div>\n\t\t<\/div>\n\t\t\t\t\t<\/div>\n\t\t<\/section>\n\t\t\t\t<section class=\"elementor-section elementor-top-section elementor-element elementor-element-9c5c723 elementor-section-boxed elementor-section-height-default elementor-section-height-default\" data-id=\"9c5c723\" data-element_type=\"section\">\n\t\t\t\t\t\t<div class=\"elementor-container elementor-column-gap-default\">\n\t\t\t\t\t<div class=\"elementor-column elementor-col-100 elementor-top-column elementor-element elementor-element-63d00e0\" data-id=\"63d00e0\" data-element_type=\"column\">\n\t\t\t<div class=\"elementor-widget-wrap elementor-element-populated\">\n\t\t\t\t\t\t<div class=\"elementor-element elementor-element-c199249 elementor-widget elementor-widget-text-editor\" data-id=\"c199249\" data-element_type=\"widget\" data-widget_type=\"text-editor.default\">\n\t\t\t\t<div class=\"elementor-widget-container\">\n\t\t\t\t\t\t\t\t\t<h3>Tour de France 2022<\/h3><h4>Etappenplan, Sieger und gelbes Trikot<\/h4>\t\t\t\t\t\t\t\t<\/div>\n\t\t\t\t<\/div>\n\t\t\t\t<div class=\"elementor-element elementor-element-551ba8f elementor-widget elementor-widget-text-editor\" data-id=\"551ba8f\" data-element_type=\"widget\" data-widget_type=\"text-editor.default\">\n\t\t\t\t<div class=\"elementor-widget-container\">\n\t\t\t\t\t\t\t\t\t<div class=\"table-responsive\"><table  style=\"width:100%; \"  class=\"easy-table easy-table-default \" >\n<thead>\r\n<tr><th >Etappe &#8211; Tag<\/th>\n<th >Typ<\/th>\n<th >Start &gt; Ziel<\/th>\n<th >km<\/th>\n<th >Sieg<\/th>\n<th >Gelb<\/th>\n<\/tr>\n<\/thead>\n<tbody>\r\n<tr><td >1 &#8211; FR 1.7.<\/td>\n<td >Zeitfahren<\/td>\n<td >Kopenhagen<\/td>\n<td >13.2<\/td>\n<td >Lampaert<\/td>\n<td >Lampaert<\/td>\n<\/tr>\n\r\n<tr><td >2 &#8211; SA 2.7.<\/td>\n<td >flach<\/td>\n<td >Roskilde &gt; Nyborg<\/td>\n<td >202.5<\/td>\n<td >Jakobsen<\/td>\n<td >Van Aert<\/td>\n<\/tr>\n\r\n<tr><td >3 &#8211; SO 3.7<\/td>\n<td >flach<\/td>\n<td >Vejle &gt; S\u00f8nderborg<\/td>\n<td >182<\/td>\n<td >Groenewegen<\/td>\n<td >Van Aert<\/td>\n<\/tr>\n\r\n<tr><td >MO 4.7.<\/td>\n<td >Reisetag<\/td>\n<td ><\/td>\n<td ><\/td>\n<td ><\/td>\n<td ><\/td>\n<\/tr>\n\r\n<tr><td >4 &#8211; DI 5.7.<\/td>\n<td >h\u00fcgelig<\/td>\n<td >Dunkerque &gt; Calais<\/td>\n<td >171.5<\/td>\n<td >Van Aert<\/td>\n<td >Van Aert<\/td>\n<\/tr>\n\r\n<tr><td >5 &#8211; MI 6.7.<\/td>\n<td >h\u00fcgelig<\/td>\n<td >Lille M\u00e9tropole &gt; Arenberg Porte du Hainaut<\/td>\n<td >157<\/td>\n<td >Clarke<\/td>\n<td > Van Aert<\/td>\n<\/tr>\n\r\n<tr><td >6 &#8211; DO 7.7.<\/td>\n<td >h\u00fcgelig<\/td>\n<td >Binche &gt; Longwy<\/td>\n<td >220<\/td>\n<td >Pogacar<\/td>\n<td >Pogacar<\/td>\n<\/tr>\n\r\n<tr><td >7 &#8211; FR 8.7.<\/td>\n<td >Bergankunft<\/td>\n<td >Tomblaine &gt; La Super Planche des Belles Filles<\/td>\n<td >176.5<\/td>\n<td >Pogacar<\/td>\n<td >Pogacar<\/td>\n<\/tr>\n\r\n<tr><td >8 &#8211; SA 9.7.<\/td>\n<td >h\u00fcgelig<\/td>\n<td >Dole &gt; Lausanne<\/td>\n<td >186.5<\/td>\n<td >Van Aert<\/td>\n<td >Pogacar<\/td>\n<\/tr>\n\r\n<tr><td >9 &#8211; SO 10.7.<\/td>\n<td >Gebirge<\/td>\n<td >Aigle &gt; Ch\u00e2tel Les Portes du Soleil<\/td>\n<td >193<\/td>\n<td >Jungels<\/td>\n<td >Pogacar<\/td>\n<\/tr>\n\r\n<tr><td >MO 11.7.<\/td>\n<td >Ruhetag<\/td>\n<td ><\/td>\n<td ><\/td>\n<td ><\/td>\n<td ><\/td>\n<\/tr>\n\r\n<tr><td >10 &#8211; DI 12.7.<\/td>\n<td >h\u00fcgelig<\/td>\n<td >Morzine Les Portes du Soleil &gt; Meg\u00e8<\/td>\n<td >148.5<\/td>\n<td >Nielsen<\/td>\n<td >Pogacar<\/td>\n<\/tr>\n\r\n<tr><td >11 &#8211; MI 13.7.<\/td>\n<td >Bergankunft<\/td>\n<td >Albertville &gt; Col du Granon Serre Chevalier<\/td>\n<td >152<\/td>\n<td >Vingegaard<\/td>\n<td >Vingegaard<\/td>\n<\/tr>\n\r\n<tr><td >12 &#8211; DO 14.7.<\/td>\n<td >Bergankunft<\/td>\n<td >Brian\u00e7on &gt; Alpe d&#8217;Huez<\/td>\n<td >165.5<\/td>\n<td >Pidcock<\/td>\n<td >Vingegaard<\/td>\n<\/tr>\n\r\n<tr><td >13 &#8211; FR 15.7.<\/td>\n<td >flach<\/td>\n<td >Le Bourg d&#8217;Oisans &gt; Saint-\u00c9tienne<\/td>\n<td >193<\/td>\n<td >Pedersen<\/td>\n<td >Vingegaard<\/td>\n<\/tr>\n\r\n<tr><td >14 &#8211; SA 16.7.<\/td>\n<td >h\u00fcgelig<\/td>\n<td >Saint-\u00c9tienne &gt; Mende<\/td>\n<td >192.5<\/td>\n<td >Matthews<\/td>\n<td >Vingegaard<\/td>\n<\/tr>\n\r\n<tr><td >15 &#8211; SO 17.7.<\/td>\n<td >flach<\/td>\n<td >Rodez &gt; Carcassonne<\/td>\n<td >202.5<\/td>\n<td >Philipsen<\/td>\n<td >Vingegaard<\/td>\n<\/tr>\n\r\n<tr><td >MO 18.7.<\/td>\n<td >Ruhetag<\/td>\n<td ><\/td>\n<td ><\/td>\n<td ><\/td>\n<td ><\/td>\n<\/tr>\n\r\n<tr><td >16 &#8211; DI 19.7.<\/td>\n<td >h\u00fcgelig<\/td>\n<td >Carcassonne &gt; Foix<\/td>\n<td >178.5<\/td>\n<td >Houle<\/td>\n<td >Vingegaard<\/td>\n<\/tr>\n\r\n<tr><td >17 &#8211; MI 20.7.<\/td>\n<td >Bergankunft<\/td>\n<td >Saint-Gaudens &gt; Peyragudes<\/td>\n<td >130<\/td>\n<td >Pogacar<\/td>\n<td >Vingegaard<\/td>\n<\/tr>\n\r\n<tr><td >18 &#8211; DO 21.7.<\/td>\n<td >Bergankunft<\/td>\n<td >Lourdes &gt; Hautacam<\/td>\n<td >143.5<\/td>\n<td >Vingegaard<\/td>\n<td >Vingegaard<\/td>\n<\/tr>\n\r\n<tr><td >19 &#8211; FR 22.7.<\/td>\n<td >flach<\/td>\n<td >Castelnau-Magnoac &gt; Cahors<\/td>\n<td >188.5<\/td>\n<td >Laporte<\/td>\n<td >Vingegaard<\/td>\n<\/tr>\n\r\n<tr><td >20 &#8211; SA 23.7.<\/td>\n<td >Zeitfahren<\/td>\n<td >Lacapelle-Marival &gt; Rocamadour<\/td>\n<td >40.7<\/td>\n<td >Van Aert<\/td>\n<td >Vingegard<\/td>\n<\/tr>\n\r\n<tr><td >21 &#8211; SO 24.7.<\/td>\n<td >flach<\/td>\n<td >Paris: La D\u00e9fense Arena &gt; Champs-\u00c9lys\u00e9es<\/td>\n<td >116<\/td>\n<td >Philipsen<\/td>\n<td >Vingegaard<\/td>\n<\/tr>\n<\/tbody><\/table><\/div>\t\t\t\t\t\t\t\t<\/div>\n\t\t\t\t<\/div>\n\t\t\t\t<div class=\"elementor-element elementor-element-d6e54cd elementor-widget elementor-widget-text-editor\" data-id=\"d6e54cd\" data-element_type=\"widget\" data-widget_type=\"text-editor.default\">\n\t\t\t\t<div class=\"elementor-widget-container\">\n\t\t\t\t\t\t\t\t\t<h4><img decoding=\"async\" class=\"emoji\" src=\"https:\/\/s.w.org\/images\/core\/emoji\/11\/svg\/1f6b4.svg\" alt=\"\ud83d\udeb4\" \/> <img decoding=\"async\" class=\"emoji\" src=\"https:\/\/s.w.org\/images\/core\/emoji\/11\/svg\/1f49b.svg\" alt=\"\ud83d\udc9b\" \/> Gesamtwertung (Gelbes Trikot) | Top 3<\/h4>\t\t\t\t\t\t\t\t<\/div>\n\t\t\t\t<\/div>\n\t\t\t\t<div class=\"elementor-element elementor-element-4c03764 elementor-widget elementor-widget-text-editor\" data-id=\"4c03764\" data-element_type=\"widget\" data-widget_type=\"text-editor.default\">\n\t\t\t\t<div class=\"elementor-widget-container\">\n\t\t\t\t\t\t\t\t\t<div class=\"table-responsive\"><table  style=\"width:100%; \"  class=\"easy-table easy-table-default \" >\n<thead>\r\n<tr><th >Pos<\/th>\n<th >Fahrer<\/th>\n<th >Team<\/th>\n<th >Zeit<\/th>\n<\/tr>\n<\/thead>\n<tbody>\r\n<tr><td >1<\/td>\n<td >Jonas Vingegaard (DEN)<\/td>\n<td >Jumbo-Visma<\/td>\n<td >79:33:20h<\/td>\n<\/tr>\n\r\n<tr><td >2<\/td>\n<td >Tadej Pogacar (SLO)<\/td>\n<td >UAE Emirates<\/td>\n<td >+02:43m<\/td>\n<\/tr>\n\r\n<tr><td >3<\/td>\n<td >Geraint Thomas (GBR)<\/td>\n<td >Ineos-Grenadiers<\/td>\n<td >+07:22m<\/td>\n<\/tr>\n<\/tbody><\/table><\/div>\t\t\t\t\t\t\t\t<\/div>\n\t\t\t\t<\/div>\n\t\t\t\t<div class=\"elementor-element elementor-element-bf6d145 elementor-widget elementor-widget-text-editor\" data-id=\"bf6d145\" data-element_type=\"widget\" data-widget_type=\"text-editor.default\">\n\t\t\t\t<div class=\"elementor-widget-container\">\n\t\t\t\t\t\t\t\t\t<h4>\ud83d\udeb4 \ud83d\udc9a Sprintwertung (Gr\u00fcnes Trikot) | Top 3<\/h4>\t\t\t\t\t\t\t\t<\/div>\n\t\t\t\t<\/div>\n\t\t\t\t<div class=\"elementor-element elementor-element-f2e11cb elementor-widget elementor-widget-text-editor\" data-id=\"f2e11cb\" data-element_type=\"widget\" data-widget_type=\"text-editor.default\">\n\t\t\t\t<div class=\"elementor-widget-container\">\n\t\t\t\t\t\t\t\t\t<div class=\"table-responsive\"><table  style=\"width:100%; \"  class=\"easy-table easy-table-default \" >\n<thead>\r\n<tr><th >Pos<\/th>\n<th >Fahrer<\/th>\n<th >Team<\/th>\n<th >Punkte<\/th>\n<\/tr>\n<\/thead>\n<tbody>\r\n<tr><td >1<\/td>\n<td >Wout Van Aert (BEL)<\/td>\n<td >Jumbo-Visma<\/td>\n<td >480<\/td>\n<\/tr>\n\r\n<tr><td >2<\/td>\n<td >Jasper Philipsen (BEL)<\/td>\n<td >Alpecin-Deceuninck<\/td>\n<td >286<\/td>\n<\/tr>\n\r\n<tr><td >3<\/td>\n<td >Tadej Pogacar (SLO)<\/td>\n<td >UAE Emirates<\/td>\n<td >250<\/td>\n<\/tr>\n<\/tbody><\/table><\/div>\t\t\t\t\t\t\t\t<\/div>\n\t\t\t\t<\/div>\n\t\t\t\t<div class=\"elementor-element elementor-element-8dc39bc elementor-widget elementor-widget-text-editor\" data-id=\"8dc39bc\" data-element_type=\"widget\" data-widget_type=\"text-editor.default\">\n\t\t\t\t<div class=\"elementor-widget-container\">\n\t\t\t\t\t\t\t\t\t<h4>\u00a0<img decoding=\"async\" class=\"emoji\" src=\"https:\/\/s.w.org\/images\/core\/emoji\/11\/svg\/1f6b5.svg\" alt=\"\ud83d\udeb5\" \/> \ud83e\udd0d\u2764\ufe0f\ud83e\udd0d\u2764\ufe0fBergwertung (Gepunktetes Trikot)<\/h4>\t\t\t\t\t\t\t\t<\/div>\n\t\t\t\t<\/div>\n\t\t\t\t<div class=\"elementor-element elementor-element-9306d1a elementor-widget elementor-widget-text-editor\" data-id=\"9306d1a\" data-element_type=\"widget\" data-widget_type=\"text-editor.default\">\n\t\t\t\t<div class=\"elementor-widget-container\">\n\t\t\t\t\t\t\t\t\t<div class=\"table-responsive\"><table  style=\"width:100%; \"  class=\"easy-table easy-table-default \" >\n<thead>\r\n<tr><th >Pos<\/th>\n<th >Fahrer<\/th>\n<th >Team<\/th>\n<th >Punkte<\/th>\n<\/tr>\n<\/thead>\n<tbody>\r\n<tr><td >1<\/td>\n<td >Jonas Vingegaard (DEN)<\/td>\n<td >Jumbo-Visma<\/td>\n<td >72<\/td>\n<\/tr>\n\r\n<tr><td >2<\/td>\n<td >Simon Geschke (GER)<\/td>\n<td >Cofidis<\/td>\n<td >64<\/td>\n<\/tr>\n\r\n<tr><td >3<\/td>\n<td >Giulio Ciccone (ITA)<\/td>\n<td >Trek-Segafredo<\/td>\n<td >61<\/td>\n<\/tr>\n<\/tbody><\/table><\/div>\t\t\t\t\t\t\t\t<\/div>\n\t\t\t\t<\/div>\n\t\t\t\t\t<\/div>\n\t\t<\/div>\n\t\t\t\t\t<\/div>\n\t\t<\/section>\n\t\t\t\t<section class=\"elementor-section elementor-top-section elementor-element elementor-element-b6aeb24 elementor-section-boxed elementor-section-height-default elementor-section-height-default\" data-id=\"b6aeb24\" data-element_type=\"section\">\n\t\t\t\t\t\t<div class=\"elementor-container elementor-column-gap-default\">\n\t\t\t\t\t<div class=\"elementor-column elementor-col-100 elementor-top-column elementor-element elementor-element-367c720\" data-id=\"367c720\" data-element_type=\"column\">\n\t\t\t<div class=\"elementor-widget-wrap elementor-element-populated\">\n\t\t\t\t\t\t<div class=\"elementor-element elementor-element-071b151 elementor-widget-divider--view-line elementor-widget elementor-widget-divider\" data-id=\"071b151\" data-element_type=\"widget\" data-widget_type=\"divider.default\">\n\t\t\t\t<div class=\"elementor-widget-container\">\n\t\t\t\t\t\t\t<div class=\"elementor-divider\">\n\t\t\t<span class=\"elementor-divider-separator\">\n\t\t\t\t\t\t<\/span>\n\t\t<\/div>\n\t\t\t\t\t\t<\/div>\n\t\t\t\t<\/div>\n\t\t\t\t\t<\/div>\n\t\t<\/div>\n\t\t\t\t\t<\/div>\n\t\t<\/section>\n\t\t\t\t<section class=\"elementor-section elementor-top-section elementor-element elementor-element-46b1e3f elementor-section-boxed elementor-section-height-default elementor-section-height-default\" data-id=\"46b1e3f\" data-element_type=\"section\">\n\t\t\t\t\t\t<div class=\"elementor-container elementor-column-gap-default\">\n\t\t\t\t\t<div class=\"elementor-column elementor-col-100 elementor-top-column elementor-element elementor-element-49c0fed\" data-id=\"49c0fed\" data-element_type=\"column\">\n\t\t\t<div class=\"elementor-widget-wrap elementor-element-populated\">\n\t\t\t\t\t\t<div class=\"elementor-element elementor-element-bbd5556 elementor-widget elementor-widget-heading\" data-id=\"bbd5556\" data-element_type=\"widget\" data-widget_type=\"heading.default\">\n\t\t\t\t<div class=\"elementor-widget-container\">\n\t\t\t\t\t<h3 class=\"elementor-heading-title elementor-size-default\">Tour de France 2021<\/h3>\t\t\t\t<\/div>\n\t\t\t\t<\/div>\n\t\t\t\t<div class=\"elementor-element elementor-element-c6f8626 elementor-widget elementor-widget-text-editor\" data-id=\"c6f8626\" data-element_type=\"widget\" data-widget_type=\"text-editor.default\">\n\t\t\t\t<div class=\"elementor-widget-container\">\n\t\t\t\t\t\t\t\t\t<h4>Klassements Tour de France 2021<\/h4><p>nach <span style=\"color: #ff0000;\"><strong>21 <\/strong><\/span>von <strong><span style=\"color: #ff0000;\">21<\/span> <\/strong>Etappen<\/p>\t\t\t\t\t\t\t\t<\/div>\n\t\t\t\t<\/div>\n\t\t\t\t<div class=\"elementor-element elementor-element-f3aa931 elementor-widget elementor-widget-text-editor\" data-id=\"f3aa931\" data-element_type=\"widget\" data-widget_type=\"text-editor.default\">\n\t\t\t\t<div class=\"elementor-widget-container\">\n\t\t\t\t\t\t\t\t\t<h5><img decoding=\"async\" class=\"emoji\" src=\"https:\/\/s.w.org\/images\/core\/emoji\/11\/svg\/1f6b4.svg\" alt=\"\ud83d\udeb4\" \/> <img decoding=\"async\" class=\"emoji\" src=\"https:\/\/s.w.org\/images\/core\/emoji\/11\/svg\/1f49b.svg\" alt=\"\ud83d\udc9b\" \/> Gesamtwertung (Gelbes Trikot) | Top 5\u00a0 (+ bester Deutscher)<\/h5>\t\t\t\t\t\t\t\t<\/div>\n\t\t\t\t<\/div>\n\t\t\t\t<div class=\"elementor-element elementor-element-ff462b9 elementor-widget elementor-widget-text-editor\" data-id=\"ff462b9\" data-element_type=\"widget\" data-widget_type=\"text-editor.default\">\n\t\t\t\t<div class=\"elementor-widget-container\">\n\t\t\t\t\t\t\t\t\t<div class=\"table-responsive\"><table  style=\"width:100%; \"  class=\"easy-table easy-table-default \" >\n<thead>\r\n<tr><th >Pos<\/th>\n<th >Fahrer<\/th>\n<th >Team<\/th>\n<th >Zeit<\/th>\n<\/tr>\n<\/thead>\n<tbody>\r\n<tr><td >1<\/td>\n<td >Tadej Pogacar<\/td>\n<td >UAE TEAM EMIRATES<\/td>\n<td >82h:56:36<\/td>\n<\/tr>\n\r\n<tr><td >2<\/td>\n<td >Jonas Vingegaard<\/td>\n<td >JUMBO-VISMA<\/td>\n<td >+5.20m<\/td>\n<\/tr>\n\r\n<tr><td >3<\/td>\n<td >Richard Carapaz<\/td>\n<td >INEOS GRENADIERS<\/td>\n<td >+7.03m<\/td>\n<\/tr>\n\r\n<tr><td >4<\/td>\n<td >Ben O&#8217;Connor<\/td>\n<td >AG2R-CITROEN<\/td>\n<td >+10.02m<\/td>\n<\/tr>\n\r\n<tr><td >5<\/td>\n<td >Wilco Kelderman<\/td>\n<td >BORA-HANSGROHE<\/td>\n<td >+10.13m<\/td>\n<\/tr>\n\r\n<tr><td >&#8230;<\/td>\n<td ><\/td>\n<td ><\/td>\n<td ><\/td>\n<\/tr>\n\r\n<tr><td >33<\/td>\n<td >Emanuel Buchmann<\/td>\n<td >BORA-HANSGROHE<\/td>\n<td >+1.51.05h<\/td>\n<\/tr>\n<\/tbody><\/table><\/div>\t\t\t\t\t\t\t\t<\/div>\n\t\t\t\t<\/div>\n\t\t\t\t<div class=\"elementor-element elementor-element-a713915 elementor-widget elementor-widget-text-editor\" data-id=\"a713915\" data-element_type=\"widget\" data-widget_type=\"text-editor.default\">\n\t\t\t\t<div class=\"elementor-widget-container\">\n\t\t\t\t\t\t\t\t\t<h5>\ud83d\udeb4 \ud83d\udc9a Sprintwertung (Gr\u00fcnes Trikot) | Top 3<\/h5>\t\t\t\t\t\t\t\t<\/div>\n\t\t\t\t<\/div>\n\t\t\t\t<div class=\"elementor-element elementor-element-c7577b3 elementor-widget elementor-widget-text-editor\" data-id=\"c7577b3\" data-element_type=\"widget\" data-widget_type=\"text-editor.default\">\n\t\t\t\t<div class=\"elementor-widget-container\">\n\t\t\t\t\t\t\t\t\t<div class=\"table-responsive\"><table  style=\"width:100%; \"  class=\"easy-table easy-table-default \" >\n<thead>\r\n<tr><th >Pos<\/th>\n<th >Fahrer<\/th>\n<th >Team<\/th>\n<th >Punkte<\/th>\n<\/tr>\n<\/thead>\n<tbody>\r\n<tr><td >1<\/td>\n<td >Mark Cavendish<\/td>\n<td >DECEUNINCK-QUICK-STEP<\/td>\n<td >337<\/td>\n<\/tr>\n\r\n<tr><td >2<\/td>\n<td >Michael Matthews<\/td>\n<td >BIKEEXCHANGE<\/td>\n<td >291<\/td>\n<\/tr>\n\r\n<tr><td >3<\/td>\n<td >Sonny Colbrelli<\/td>\n<td >BAHRAIN VICTORIOUS<\/td>\n<td >227<\/td>\n<\/tr>\n<\/tbody><\/table><\/div>\t\t\t\t\t\t\t\t<\/div>\n\t\t\t\t<\/div>\n\t\t\t\t<div class=\"elementor-element elementor-element-922c29e elementor-widget elementor-widget-text-editor\" data-id=\"922c29e\" data-element_type=\"widget\" data-widget_type=\"text-editor.default\">\n\t\t\t\t<div class=\"elementor-widget-container\">\n\t\t\t\t\t\t\t\t\t<h5>\u00a0<img decoding=\"async\" class=\"emoji\" src=\"https:\/\/s.w.org\/images\/core\/emoji\/11\/svg\/1f6b5.svg\" alt=\"\ud83d\udeb5\" \/> \ud83e\udd0d\u2764\ufe0fBergwertung (Gepunktetes Trikot) | Top 3<\/h5>\t\t\t\t\t\t\t\t<\/div>\n\t\t\t\t<\/div>\n\t\t\t\t<div class=\"elementor-element elementor-element-a682b3e elementor-widget elementor-widget-text-editor\" data-id=\"a682b3e\" data-element_type=\"widget\" data-widget_type=\"text-editor.default\">\n\t\t\t\t<div class=\"elementor-widget-container\">\n\t\t\t\t\t\t\t\t\t<div class=\"table-responsive\"><table  style=\"width:100%; \"  class=\"easy-table easy-table-default \" >\n<thead>\r\n<tr><th >Pos<\/th>\n<th >Fahrer<\/th>\n<th >Team<\/th>\n<th >Punkte<\/th>\n<\/tr>\n<\/thead>\n<tbody>\r\n<tr><td >1<\/td>\n<td >Tadej Pogacar<\/td>\n<td >UAE TEAM EMIRATES<\/td>\n<td >107<\/td>\n<\/tr>\n\r\n<tr><td >2<\/td>\n<td >Wouter Poels<\/td>\n<td >BAHRAIN VICTORIOUS<\/td>\n<td >88<\/td>\n<\/tr>\n\r\n<tr><td >3<\/td>\n<td >Jonas Vingegaard<\/td>\n<td >JUMBO-VISMA<\/td>\n<td >82<\/td>\n<\/tr>\n<\/tbody><\/table><\/div>\t\t\t\t\t\t\t\t<\/div>\n\t\t\t\t<\/div>\n\t\t\t\t<div class=\"elementor-element elementor-element-664ea0a elementor-widget elementor-widget-text-editor\" data-id=\"664ea0a\" data-element_type=\"widget\" data-widget_type=\"text-editor.default\">\n\t\t\t\t<div class=\"elementor-widget-container\">\n\t\t\t\t\t\t\t\t\t<h4>Etappenplan Tour de France 2021<\/h4>\n<div class=\"table-responsive\"><table  style=\"width:100%; \"  class=\"easy-table easy-table-default \" >\n<thead>\r\n<tr><th >Etappe\/Tag<\/th>\n<th >Typ<\/th>\n<th >Start &amp; Ziel<\/th>\n<th >km<\/th>\n<th >Sieg<\/th>\n<th >Gelb<\/th>\n<\/tr>\n<\/thead>\n<tbody>\r\n<tr><td >1\/Sa. 26.6.<\/td>\n<td >h\u00fcgelig<\/td>\n<td >Brest &gt; Landerneau<\/td>\n<td >197.8<\/td>\n<td >Alaphilippe<\/td>\n<td >Alaphilippe<\/td>\n<\/tr>\n\r\n<tr><td >2\/So. 27.6.<\/td>\n<td >h\u00fcgelig<\/td>\n<td >Perros-Guirec &gt; M.-de-B. Guerledan<\/td>\n<td >183.5<\/td>\n<td >van der Poel<\/td>\n<td >van der Poel<\/td>\n<\/tr>\n\r\n<tr><td >3\/Mo. 28.6.<\/td>\n<td >flach<\/td>\n<td >Lorient &gt; Pontivy<\/td>\n<td >182.9<\/td>\n<td >Merlier<\/td>\n<td >van der Poel<\/td>\n<\/tr>\n\r\n<tr><td >4\/Di. 29.6.<\/td>\n<td >flach<\/td>\n<td >Redon &gt; Fougeres<\/td>\n<td >150.4<\/td>\n<td >Cavendish<\/td>\n<td >van der Poel<\/td>\n<\/tr>\n\r\n<tr><td >5\/Mi. 30.6.<\/td>\n<td >Zeitfahren<\/td>\n<td >Change &gt; Laval Espace Mayenne<\/td>\n<td >27.2<\/td>\n<td >Pogacar<\/td>\n<td >van der Poel<\/td>\n<\/tr>\n\r\n<tr><td >6\/Do. 1.7.<\/td>\n<td >flach<\/td>\n<td >Tours &gt; Chateauroux<\/td>\n<td >160.6<\/td>\n<td >Cavendish<\/td>\n<td >van der Poel<\/td>\n<\/tr>\n\r\n<tr><td >7\/Fr. 2.7.<\/td>\n<td >h\u00fcgelig<\/td>\n<td >Vierzon &gt; Le Creusot<\/td>\n<td >249.1<\/td>\n<td >Mohoric<\/td>\n<td >van der Poel<\/td>\n<\/tr>\n\r\n<tr><td >8\/Sa. 3.7.<\/td>\n<td >Gebirge<\/td>\n<td >Oyonnax &gt; Le Grand-Bornand<\/td>\n<td >150.8<\/td>\n<td >Teuns<\/td>\n<td >Pogacar<\/td>\n<\/tr>\n\r\n<tr><td >9\/So. 4.7.<\/td>\n<td >Bergankunft<\/td>\n<td >Cluses &gt; Tignes<\/td>\n<td >144.9<\/td>\n<td >O&#8217;Connor<\/td>\n<td >Pogacar<\/td>\n<\/tr>\n\r\n<tr><td >Mo. 5.7.<\/td>\n<td ><span style=\"color: #ff0000;\"><strong>Ruhetag<\/strong><\/span><\/td>\n<td ><\/td>\n<td ><\/td>\n<td ><\/td>\n<td ><\/td>\n<\/tr>\n\r\n<tr><td >10\/Di. 6.7.<\/td>\n<td >flach<\/td>\n<td >Albertville &gt; Valence<\/td>\n<td >190.7<\/td>\n<td >Cavendish<\/td>\n<td >Pogacar<\/td>\n<\/tr>\n\r\n<tr><td >11\/Mi. 7.7.<\/td>\n<td >Gebirge<\/td>\n<td >Sorgues &gt; Malaucene<\/td>\n<td >198.9<\/td>\n<td >Van Aert<\/td>\n<td >Pogacar<\/td>\n<\/tr>\n\r\n<tr><td >12\/Do. 8.7.<\/td>\n<td >flach<\/td>\n<td >St-Paul-Trois-Chateaux &gt; Nimes<\/td>\n<td >159.4<\/td>\n<td >Politt<\/td>\n<td >Pogacar<\/td>\n<\/tr>\n\r\n<tr><td >13 \/Fr. 9.7.<\/td>\n<td >flach<\/td>\n<td >Nimes &gt; Carcassonne<\/td>\n<td >219.9<\/td>\n<td >Cavendish<\/td>\n<td >Pogacar<\/td>\n<\/tr>\n\r\n<tr><td >14\/Sa. 10.7.<\/td>\n<td >h\u00fcgelig<\/td>\n<td >Carcassonne &gt; Quillan<\/td>\n<td >183.7<\/td>\n<td >Mollema<\/td>\n<td >Pogacar<\/td>\n<\/tr>\n\r\n<tr><td >15\/So. 11.7.<\/td>\n<td >Gebirge<\/td>\n<td >Ceret &gt; Andorre-la-Vieille<\/td>\n<td >191.3<\/td>\n<td >Kuss<\/td>\n<td >Pogacar<\/td>\n<\/tr>\n\r\n<tr><td >Mo. 12.7.<\/td>\n<td ><span style=\"color: #ff0000;\"><strong>Ruhetag<\/strong><\/span><\/td>\n<td ><\/td>\n<td ><\/td>\n<td ><\/td>\n<td ><\/td>\n<\/tr>\n\r\n<tr><td >16\/Di. 13.7.<\/td>\n<td >h\u00fcgelig<\/td>\n<td >Pas de la Case &gt; Saint-Gaudens<\/td>\n<td >169<\/td>\n<td >Konrad<\/td>\n<td >Pogacar<\/td>\n<\/tr>\n\r\n<tr><td >17\/Mi. 14.7.<\/td>\n<td >Bergankunft<\/td>\n<td >Muret &gt; Col du Portet<\/td>\n<td >178.4<\/td>\n<td >Pogacar<\/td>\n<td >Pogacar<\/td>\n<\/tr>\n\r\n<tr><td >18\/Do. 15.7.<\/td>\n<td >Bergankunft<\/td>\n<td >Pau &gt; Luz Ardiden<\/td>\n<td >129.7<\/td>\n<td >Pogacar<\/td>\n<td >Pogacar<\/td>\n<\/tr>\n\r\n<tr><td >19\/Fr. 16.7.<\/td>\n<td >flach<\/td>\n<td >Mourenx &gt; Libourne<\/td>\n<td >207<\/td>\n<td >Mohoric<\/td>\n<td >Pogacar<\/td>\n<\/tr>\n\r\n<tr><td >20\/Sa. 17.7.<\/td>\n<td >Zeitfahren<\/td>\n<td >Libourne &gt; Saint-Emilion<\/td>\n<td >30.8<\/td>\n<td >Van Aert<\/td>\n<td >Pogacar<\/td>\n<\/tr>\n\r\n<tr><td >21\/So. 18.7.<\/td>\n<td >flach<\/td>\n<td >Chatou &gt; Paris Champs-Elysees<\/td>\n<td >108.4<\/td>\n<td >Van Aert<\/td>\n<td >Pogacar<\/td>\n<\/tr>\n<\/tbody><\/table><\/div>\t\t\t\t\t\t\t\t<\/div>\n\t\t\t\t<\/div>\n\t\t\t\t\t<\/div>\n\t\t<\/div>\n\t\t\t\t\t<\/div>\n\t\t<\/section>\n\t\t\t\t<section class=\"elementor-section elementor-top-section elementor-element elementor-element-7f64343 elementor-section-boxed elementor-section-height-default elementor-section-height-default\" data-id=\"7f64343\" data-element_type=\"section\">\n\t\t\t\t\t\t<div class=\"elementor-container elementor-column-gap-default\">\n\t\t\t\t\t<div class=\"elementor-column elementor-col-100 elementor-top-column elementor-element elementor-element-a80ea14\" data-id=\"a80ea14\" data-element_type=\"column\">\n\t\t\t<div class=\"elementor-widget-wrap elementor-element-populated\">\n\t\t\t\t\t\t<div class=\"elementor-element elementor-element-ac3ccfe elementor-widget-divider--view-line elementor-widget elementor-widget-divider\" data-id=\"ac3ccfe\" data-element_type=\"widget\" data-widget_type=\"divider.default\">\n\t\t\t\t<div class=\"elementor-widget-container\">\n\t\t\t\t\t\t\t<div class=\"elementor-divider\">\n\t\t\t<span class=\"elementor-divider-separator\">\n\t\t\t\t\t\t<\/span>\n\t\t<\/div>\n\t\t\t\t\t\t<\/div>\n\t\t\t\t<\/div>\n\t\t\t\t\t<\/div>\n\t\t<\/div>\n\t\t\t\t\t<\/div>\n\t\t<\/section>\n\t\t\t\t<section class=\"elementor-section elementor-top-section elementor-element elementor-element-35a17b3 elementor-section-boxed elementor-section-height-default elementor-section-height-default\" data-id=\"35a17b3\" data-element_type=\"section\">\n\t\t\t\t\t\t<div class=\"elementor-container elementor-column-gap-default\">\n\t\t\t\t\t<div class=\"elementor-column elementor-col-100 elementor-top-column elementor-element elementor-element-b624e3f\" data-id=\"b624e3f\" data-element_type=\"column\">\n\t\t\t<div class=\"elementor-widget-wrap elementor-element-populated\">\n\t\t\t\t\t\t<div class=\"elementor-element elementor-element-53f6f8c elementor-widget elementor-widget-text-editor\" data-id=\"53f6f8c\" data-element_type=\"widget\" data-widget_type=\"text-editor.default\">\n\t\t\t\t<div class=\"elementor-widget-container\">\n\t\t\t\t\t\t\t\t\t<h3>Tour de France 2020<\/h3>\n<h4>Etappenplan<\/h4>\n<div class=\"table-responsive\"><table  style=\"width:100%; \"  class=\"easy-table easy-table-default \" >\n<thead>\r\n<tr><th >Etappe\/Tag<\/th>\n<th >Typ<\/th>\n<th >Start &amp; Ziel<\/th>\n<th >Distanz<\/th>\n<th >Sieg<\/th>\n<th >Gelb<\/th>\n<\/tr>\n<\/thead>\n<tbody>\r\n<tr><td >1 \/ Sa. 29.8.<\/td>\n<td >flach<\/td>\n<td >Nice Moyen Pays &gt; Nice<\/td>\n<td >156 km<\/td>\n<td ><strong>A. Kristoff<\/strong><\/td>\n<td >A. Kristoff<\/td>\n<\/tr>\n\r\n<tr><td >2 \/ So. 30.8.<\/td>\n<td >Gebirge<\/td>\n<td >Nice Haut Pays &gt; Nice<\/td>\n<td >186 km<\/td>\n<td ><strong>J. Alaphilippe<\/strong><\/td>\n<td >J. Alaphilippe<\/td>\n<\/tr>\n\r\n<tr><td >3 \/ Mo. 31.8<\/td>\n<td >flach<\/td>\n<td >Nice &gt; Sisteron<\/td>\n<td >198 km<\/td>\n<td ><strong>C. Ewan<\/strong><\/td>\n<td >J. Alaphilippe<\/td>\n<\/tr>\n\r\n<tr><td >4 \/ Di. 1.9.<\/td>\n<td >h\u00fcgelig<\/td>\n<td >Sisteron &gt; Orci\u00e8res-Merlette<\/td>\n<td >160.5 km<\/td>\n<td ><strong>P. Roglic<\/strong><\/td>\n<td >J. Alaphilippe<\/td>\n<\/tr>\n\r\n<tr><td >5 \/ Mi. 2.9.<\/td>\n<td >flach<\/td>\n<td >Gap &gt; Privas<\/td>\n<td >183 km<\/td>\n<td ><strong>W. Van Aert<\/strong><\/td>\n<td >A. Yates<\/td>\n<\/tr>\n\r\n<tr><td >6 \/ Do. 3.9.<\/td>\n<td >h\u00fcgelig<\/td>\n<td >Le Teil &gt; Mont Aigoual<\/td>\n<td >191 km<\/td>\n<td ><strong>A. Lutsenko<\/strong><\/td>\n<td >A. Yates<\/td>\n<\/tr>\n\r\n<tr><td >7 \/ Fr. 4.9.<\/td>\n<td >h\u00fcgelig<\/td>\n<td >Millau &gt; Lavaur<\/td>\n<td >168 km<\/td>\n<td ><strong>W. Van Aert<\/strong><\/td>\n<td >A. Yates<\/td>\n<\/tr>\n\r\n<tr><td >8 \/ Sa. 5.9.<\/td>\n<td >Gebirge<\/td>\n<td >Caz\u00e8res-sur-Garonne &gt; Loudenvielle<\/td>\n<td >141 km<\/td>\n<td ><strong>N. Peters<\/strong><\/td>\n<td >A. Yates<\/td>\n<\/tr>\n\r\n<tr><td >9 \/ So. 6.9.<\/td>\n<td >Gebirge<\/td>\n<td >Pau &gt; Laruns<\/td>\n<td >153 km<\/td>\n<td ><strong>T.Pogacar<\/strong><\/td>\n<td >P. Roglic<\/td>\n<\/tr>\n\r\n<tr><td >&#8211; \/ Mo. 7.9.<\/td>\n<td >Ruhetag<\/td>\n<td ><\/td>\n<td ><\/td>\n<td ><\/td>\n<td ><\/td>\n<\/tr>\n\r\n<tr><td >10 \/ Di. 8.9.<\/td>\n<td >flach<\/td>\n<td >\u00cele d\u2019Ol\u00e9ron &gt; \u00cele de R\u00e9<\/td>\n<td >168.5 km<\/td>\n<td ><strong>S. Bennett<\/strong><\/td>\n<td >P. Roglic<\/td>\n<\/tr>\n\r\n<tr><td >11 \/ Mi. 9.9.<\/td>\n<td >flach<\/td>\n<td >Ch\u00e2telaillon-Plage &gt; Poitiers<\/td>\n<td >167.5 km<\/td>\n<td ><strong>C. Ewan<\/strong><\/td>\n<td >P. Roglic<\/td>\n<\/tr>\n\r\n<tr><td >12 \/ Do. 10.9.<\/td>\n<td >h\u00fcgelig<\/td>\n<td >Chauvigny &gt; Sarran Corr\u00e8ze<\/td>\n<td >218 km<\/td>\n<td ><strong>M. Hirschi<\/strong><\/td>\n<td >P. Roglic<\/td>\n<\/tr>\n\r\n<tr><td >13 \/ Fr. 11.9.<\/td>\n<td >Gebirge<\/td>\n<td >Ch\u00e2tel-Guyon &gt; Puy Mary Cantal<\/td>\n<td >191.5 km<\/td>\n<td ><strong>D. Martinez<\/strong><\/td>\n<td >P. Roglic<\/td>\n<\/tr>\n\r\n<tr><td >14 \/ Sa. 12.9.<\/td>\n<td >flach<\/td>\n<td >Clermont-Ferrand &gt; Lyon<\/td>\n<td >194 km<\/td>\n<td ><strong>S. Kragh Andersen<\/strong><\/td>\n<td >P. Roglic<\/td>\n<\/tr>\n\r\n<tr><td >15 \/ So. 13.9.<\/td>\n<td >Gebirge<\/td>\n<td >Lyon &gt; Grand Colombier<\/td>\n<td >174.5 km<\/td>\n<td ><strong>T. Pogacar<\/strong><\/td>\n<td >P. Roglic<\/td>\n<\/tr>\n\r\n<tr><td >&#8211; \/ Mo. 14.9.<\/td>\n<td >Ruhetag<\/td>\n<td ><\/td>\n<td ><\/td>\n<td ><\/td>\n<td ><\/td>\n<\/tr>\n\r\n<tr><td >16 \/ Di. 15.9.<\/td>\n<td >Gebirge<\/td>\n<td >La Tour-du-Pin &gt; Villard-de-Lans<\/td>\n<td >164 km<\/td>\n<td ><strong>L. K\u00e4mna<\/strong><\/td>\n<td >P. Roglic<\/td>\n<\/tr>\n\r\n<tr><td >17 \/ Mi. 16.9.<\/td>\n<td >Gebirge<\/td>\n<td >Grenoble &gt; M\u00e9ribel Col de la Loze<\/td>\n<td >170 km<\/td>\n<td ><strong>M. Lopez<\/strong><\/td>\n<td >P. Roglic<\/td>\n<\/tr>\n\r\n<tr><td >18 \/ Do. 17.9.<\/td>\n<td >Gebirge<\/td>\n<td >M\u00e9ribel &gt; La Roche-sur-Foron<\/td>\n<td >175 km<\/td>\n<td ><strong><span class=\"oi732d6d ik7dh3pa d2edcug0 hpfvmrgz qv66sw1b c1et5uql a8c37x1j keod5gw0 nxhoafnm aigsh9s9 d9wwppkn fe6kdd0r mau55g9w c8b282yb hrzyx87i jq4qci2q a3bd9o3v knj5qynh oo9gr5id\" dir=\"auto\"><span class=\"oi732d6d ik7dh3pa d2edcug0 hpfvmrgz qv66sw1b c1et5uql jq4qci2q a3bd9o3v knj5qynh oo9gr5id hzawbc8m\">M. Kwiatkowski<\/span><\/span><\/strong><\/td>\n<td >P. Roglic<\/td>\n<\/tr>\n\r\n<tr><td >19 \/ Fr. 18.9.<\/td>\n<td >flach<\/td>\n<td >Bourg-en-Bresse &gt; Champagnole<\/td>\n<td >166.5 km<\/td>\n<td ><strong>M. Hirschi<\/strong><\/td>\n<td >P. Roglic<\/td>\n<\/tr>\n\r\n<tr><td >20 \/ Sa. 19.9.<\/td>\n<td >Einzelzeitfahren<\/td>\n<td >Lure &gt; La Planche des Belles Filles<\/td>\n<td >36.2 km<\/td>\n<td ><strong>T. Pogacar<\/strong><\/td>\n<td >T. Pogacar<\/td>\n<\/tr>\n\r\n<tr><td >21 \/ So. 20.9.<\/td>\n<td >flach<\/td>\n<td >Mantes-la-Jolie &gt; Paris Champs-\u00c9lys\u00e9es<\/td>\n<td >122 km<\/td>\n<td ><strong>S. Bennett<\/strong><\/td>\n<td >T. Pogacar<\/td>\n<\/tr>\n<\/tbody><\/table><\/div>\t\t\t\t\t\t\t\t<\/div>\n\t\t\t\t<\/div>\n\t\t\t\t<div class=\"elementor-element elementor-element-5e9be54 elementor-widget elementor-widget-text-editor\" data-id=\"5e9be54\" data-element_type=\"widget\" data-widget_type=\"text-editor.default\">\n\t\t\t\t<div class=\"elementor-widget-container\">\n\t\t\t\t\t\t\t\t\t<h4>Klassements Tour de France 2020<\/h4>\t\t\t\t\t\t\t\t<\/div>\n\t\t\t\t<\/div>\n\t\t\t\t<div class=\"elementor-element elementor-element-aae56df elementor-widget elementor-widget-text-editor\" data-id=\"aae56df\" data-element_type=\"widget\" data-widget_type=\"text-editor.default\">\n\t\t\t\t<div class=\"elementor-widget-container\">\n\t\t\t\t\t\t\t\t\t<h5><img decoding=\"async\" class=\"emoji\" src=\"https:\/\/s.w.org\/images\/core\/emoji\/11\/svg\/1f6b4.svg\" alt=\"\ud83d\udeb4\" \/> <img decoding=\"async\" class=\"emoji\" src=\"https:\/\/s.w.org\/images\/core\/emoji\/11\/svg\/1f49b.svg\" alt=\"\ud83d\udc9b\" \/> Gesamtwertung (Gelbes Trikot) | Top 5 (+ bester Deutscher)<\/h5>\t\t\t\t\t\t\t\t<\/div>\n\t\t\t\t<\/div>\n\t\t\t\t<div class=\"elementor-element elementor-element-46c2b59 elementor-widget elementor-widget-text-editor\" data-id=\"46c2b59\" data-element_type=\"widget\" data-widget_type=\"text-editor.default\">\n\t\t\t\t<div class=\"elementor-widget-container\">\n\t\t\t\t\t\t\t\t\t<div class=\"table-responsive\"><table  style=\"width:100%; \"  class=\"easy-table easy-table-default \" >\n<thead>\r\n<tr><th >Pos<\/th>\n<th >Fahrer<\/th>\n<th >Team<\/th>\n<th >Zeit<\/th>\n<\/tr>\n<\/thead>\n<tbody>\r\n<tr><td >1<\/td>\n<td >Tadej Pogacar<\/td>\n<td >UAE EMIRATES<\/td>\n<td >87h:20m:05s<\/td>\n<\/tr>\n\r\n<tr><td >2<\/td>\n<td >Primoz Roglic<\/td>\n<td >JUMBO-VISMA<\/td>\n<td >+0:59m<\/td>\n<\/tr>\n\r\n<tr><td >3<\/td>\n<td >Richie Porte<\/td>\n<td >TREK-SEGAFREDO<\/td>\n<td >+3:30m<\/td>\n<\/tr>\n\r\n<tr><td >4<\/td>\n<td >Mikel Landa<\/td>\n<td >BAHRAIN-MCLAREN<\/td>\n<td >+5:58m<\/td>\n<\/tr>\n\r\n<tr><td >5<\/td>\n<td >Enric Mas<\/td>\n<td >MOVISTAR<\/td>\n<td >+6:07m<\/td>\n<\/tr>\n\r\n<tr><td >&#8230;<\/td>\n<td ><\/td>\n<td ><\/td>\n<td ><\/td>\n<\/tr>\n\r\n<tr><td >33<\/td>\n<td >Lennard K\u00e4mna<\/td>\n<td >BORA-HANSGROHE<\/td>\n<td >+2:15:39h<\/td>\n<\/tr>\n<\/tbody><\/table><\/div>\n       \t\t\t\t\t\t\t\t<\/div>\n\t\t\t\t<\/div>\n\t\t\t\t<div class=\"elementor-element elementor-element-af79cf9 elementor-widget elementor-widget-text-editor\" data-id=\"af79cf9\" data-element_type=\"widget\" data-widget_type=\"text-editor.default\">\n\t\t\t\t<div class=\"elementor-widget-container\">\n\t\t\t\t\t\t\t\t\t<h5>\ud83d\udeb4 \ud83d\udc9a Sprintwertung (Gr\u00fcnes Trikot) | Top 3<\/h5>\t\t\t\t\t\t\t\t<\/div>\n\t\t\t\t<\/div>\n\t\t\t\t<div class=\"elementor-element elementor-element-4a62ffe elementor-widget elementor-widget-text-editor\" data-id=\"4a62ffe\" data-element_type=\"widget\" data-widget_type=\"text-editor.default\">\n\t\t\t\t<div class=\"elementor-widget-container\">\n\t\t\t\t\t\t\t\t\t<div class=\"table-responsive\"><table  style=\"width:100%; \"  class=\"easy-table easy-table-default \" >\n<thead>\r\n<tr><th >Pos<\/th>\n<th >Fahrer<\/th>\n<th >Team<\/th>\n<th >Punkte<\/th>\n<\/tr>\n<\/thead>\n<tbody>\r\n<tr><td >1<\/td>\n<td >Sam Benett<\/td>\n<td >DECEUNINCK-QUICK-STEP<\/td>\n<td >380<\/td>\n<\/tr>\n\r\n<tr><td >2<\/td>\n<td >Peter Sagan<\/td>\n<td >BORA-HANSGROHE<\/td>\n<td >284<\/td>\n<\/tr>\n\r\n<tr><td >3<\/td>\n<td >MatteoTrentin<\/td>\n<td >CCC<\/td>\n<td >260<\/td>\n<\/tr>\n<\/tbody><\/table><\/div>\n   \t\t\t\t\t\t\t\t<\/div>\n\t\t\t\t<\/div>\n\t\t\t\t<div class=\"elementor-element elementor-element-f2ec834 elementor-widget elementor-widget-text-editor\" data-id=\"f2ec834\" data-element_type=\"widget\" data-widget_type=\"text-editor.default\">\n\t\t\t\t<div class=\"elementor-widget-container\">\n\t\t\t\t\t\t\t\t\t<h5>\u00a0<img decoding=\"async\" class=\"emoji\" src=\"https:\/\/s.w.org\/images\/core\/emoji\/11\/svg\/1f6b5.svg\" alt=\"\ud83d\udeb5\" \/> Bergwertung (Gepunktetes Trikot) | Top 3<\/h5>\t\t\t\t\t\t\t\t<\/div>\n\t\t\t\t<\/div>\n\t\t\t\t<div class=\"elementor-element elementor-element-79014b8 elementor-widget elementor-widget-text-editor\" data-id=\"79014b8\" data-element_type=\"widget\" data-widget_type=\"text-editor.default\">\n\t\t\t\t<div class=\"elementor-widget-container\">\n\t\t\t\t\t\t\t\t\t<div class=\"table-responsive\"><table  style=\"width:100%; \"  class=\"easy-table easy-table-default \" >\n<thead>\r\n<tr><th >Pos<\/th>\n<th >Fahrer<\/th>\n<th >Team<\/th>\n<th >Punkte<\/th>\n<\/tr>\n<\/thead>\n<tbody>\r\n<tr><td >1<\/td>\n<td >Tadej Pogacar<\/td>\n<td >UAE EMIRATES<\/td>\n<td >82<\/td>\n<\/tr>\n\r\n<tr><td >2<\/td>\n<td >Richard Carapaz<\/td>\n<td >INEOS GRENADIERS<\/td>\n<td >74<\/td>\n<\/tr>\n\r\n<tr><td >3<\/td>\n<td >Primoz Roglic<\/td>\n<td >JUMBO-VISMA<\/td>\n<td >67<\/td>\n<\/tr>\n<\/tbody><\/table><\/div>\n         \t\t\t\t\t\t\t\t<\/div>\n\t\t\t\t<\/div>\n\t\t\t\t\t<\/div>\n\t\t<\/div>\n\t\t\t\t\t<\/div>\n\t\t<\/section>\n\t\t\t\t<section class=\"elementor-section elementor-top-section elementor-element elementor-element-c1ba54c elementor-section-boxed elementor-section-height-default elementor-section-height-default\" data-id=\"c1ba54c\" data-element_type=\"section\">\n\t\t\t\t\t\t<div class=\"elementor-container elementor-column-gap-default\">\n\t\t\t\t\t<div class=\"elementor-column elementor-col-100 elementor-top-column elementor-element elementor-element-929658a\" data-id=\"929658a\" data-element_type=\"column\">\n\t\t\t<div class=\"elementor-widget-wrap elementor-element-populated\">\n\t\t\t\t\t\t<div class=\"elementor-element elementor-element-741aebc elementor-widget elementor-widget-heading\" data-id=\"741aebc\" data-element_type=\"widget\" data-widget_type=\"heading.default\">\n\t\t\t\t<div class=\"elementor-widget-container\">\n\t\t\t\t\t<h3 class=\"elementor-heading-title elementor-size-default\">Route der Tour de France 2019 in 3D<\/h3>\t\t\t\t<\/div>\n\t\t\t\t<\/div>\n\t\t\t\t<div class=\"elementor-element elementor-element-db9c09b elementor-widget elementor-widget-video\" data-id=\"db9c09b\" data-element_type=\"widget\" data-settings=\"{&quot;youtube_url&quot;:&quot;https:\\\/\\\/youtu.be\\\/hAOmdacylVY&quot;,&quot;video_type&quot;:&quot;youtube&quot;,&quot;controls&quot;:&quot;yes&quot;}\" data-widget_type=\"video.default\">\n\t\t\t\t<div class=\"elementor-widget-container\">\n\t\t\t\t\t\t\t<div class=\"elementor-wrapper elementor-open-inline\">\n\t\t\t<div class=\"elementor-video\"><\/div>\t\t<\/div>\n\t\t\t\t\t\t<\/div>\n\t\t\t\t<\/div>\n\t\t\t\t\t<\/div>\n\t\t<\/div>\n\t\t\t\t\t<\/div>\n\t\t<\/section>\n\t\t\t\t<\/div>\n\t\t","protected":false},"excerpt":{"rendered":"<p>TOUR-NEWS TOUR-FAVORITEN ETAPPENPLAN HISTORIE Tour de France 2025 Alle Wetten zur Tour de France Tour de France 2025 &#8211; Gesamtklassement \ud83d\udfe1 Pogacar \ud83c\uddf8\ud83c\uddee| 76h00&#8217;32&#8220; Vingegaard \ud83c\udde9\ud83c\uddf0| +4&#8217;24&#8220; Lipowitz \ud83c\udde9\ud83c\uddea| +11&#8217;00&#8220; Onley \ud83c\uddec\ud83c\udde7| +12&#8217;12&#8220; Gall \ud83c\udde6\ud83c\uddf9| +17&#8217;12&#8220; Johannessen \ud83c\uddf3\ud83c\uddf4| +20&#8217;14&#8220; Vauquelin \ud83c\uddeb\ud83c\uddf7| +22&#8217;35&#8220; Roglic \ud83c\uddf8\ud83c\uddee| +25&#8217;30&#8220; Unglaublich wie Tadej Pogacar diese Tour kontrolliert und mit UAE [&hellip;]<\/p>\n","protected":false},"author":3,"featured_media":99139,"parent":0,"menu_order":0,"comment_status":"closed","ping_status":"closed","template":"","meta":{"_acf_changed":false,"footnotes":""},"class_list":["post-15793","page","type-page","status-publish","has-post-thumbnail","hentry"],"acf":[],"yoast_head":"<!-- This site is optimized with the Yoast SEO plugin v26.0 - https:\/\/yoast.com\/wordpress\/plugins\/seo\/ -->\n<title>\ud83d\udeb5 Tour de France 2025: Etappenplan, Klassements, Infos und Wetten - ODDSET FANZONE<\/title>\n<meta name=\"description\" content=\"Alles zur 112. Ausgabe der \ud83d\udeb5 Tour de France. Infos \u2714 Klassements \u2714 Etappenplan \u2714 Wetten \u2714 Jetzt bei ODDSET tippen &gt;&gt;\" \/>\n<meta name=\"robots\" content=\"index, follow, max-snippet:-1, max-image-preview:large, max-video-preview:-1\" \/>\n<link rel=\"canonical\" href=\"https:\/\/www.oddset.de\/blog\/tour-de-france-wetten-bei-oddset\/\" \/>\n<meta property=\"og:locale\" content=\"de_DE\" \/>\n<meta property=\"og:type\" content=\"article\" \/>\n<meta property=\"og:title\" content=\"\ud83d\udeb5 Tour de France 2025: Etappenplan, Klassements, Infos und Wetten - ODDSET FANZONE\" \/>\n<meta property=\"og:description\" content=\"Alles zur 112. Ausgabe der \ud83d\udeb5 Tour de France. Infos \u2714 Klassements \u2714 Etappenplan \u2714 Wetten \u2714 Jetzt bei ODDSET tippen &gt;&gt;\" \/>\n<meta property=\"og:url\" content=\"https:\/\/www.oddset.de\/blog\/tour-de-france-wetten-bei-oddset\/\" \/>\n<meta property=\"og:site_name\" content=\"ODDSET FANZONE\" \/>\n<meta property=\"article:publisher\" content=\"https:\/\/www.facebook.com\/ODDSETwetten\/\" \/>\n<meta property=\"article:modified_time\" content=\"2025-07-29T07:51:05+00:00\" \/>\n<meta property=\"og:image\" content=\"https:\/\/www.oddset.de\/blog\/wp-content\/uploads\/2025\/07\/tdf-2025-collage.jpg\" \/>\n\t<meta property=\"og:image:width\" content=\"1800\" \/>\n\t<meta property=\"og:image:height\" content=\"600\" \/>\n\t<meta property=\"og:image:type\" content=\"image\/jpeg\" \/>\n<meta name=\"twitter:card\" content=\"summary_large_image\" \/>\n<meta name=\"twitter:site\" content=\"@ODDSETsport\" \/>\n<meta name=\"twitter:label1\" content=\"Gesch\u00e4tzte Lesezeit\" \/>\n\t<meta name=\"twitter:data1\" content=\"24\u00a0Minuten\" \/>\n<!-- \/ Yoast SEO plugin. -->","yoast_head_json":{"title":"\ud83d\udeb5 Tour de France 2025: Etappenplan, Klassements, Infos und Wetten - ODDSET FANZONE","description":"Alles zur 112. Ausgabe der \ud83d\udeb5 Tour de France. Infos \u2714 Klassements \u2714 Etappenplan \u2714 Wetten \u2714 Jetzt bei ODDSET tippen >>","robots":{"index":"index","follow":"follow","max-snippet":"max-snippet:-1","max-image-preview":"max-image-preview:large","max-video-preview":"max-video-preview:-1"},"canonical":"https:\/\/www.oddset.de\/blog\/tour-de-france-wetten-bei-oddset\/","og_locale":"de_DE","og_type":"article","og_title":"\ud83d\udeb5 Tour de France 2025: Etappenplan, Klassements, Infos und Wetten - ODDSET FANZONE","og_description":"Alles zur 112. Ausgabe der \ud83d\udeb5 Tour de France. Infos \u2714 Klassements \u2714 Etappenplan \u2714 Wetten \u2714 Jetzt bei ODDSET tippen >>","og_url":"https:\/\/www.oddset.de\/blog\/tour-de-france-wetten-bei-oddset\/","og_site_name":"ODDSET FANZONE","article_publisher":"https:\/\/www.facebook.com\/ODDSETwetten\/","article_modified_time":"2025-07-29T07:51:05+00:00","og_image":[{"width":1800,"height":600,"url":"https:\/\/www.oddset.de\/blog\/wp-content\/uploads\/2025\/07\/tdf-2025-collage.jpg","type":"image\/jpeg"}],"twitter_card":"summary_large_image","twitter_site":"@ODDSETsport","twitter_misc":{"Gesch\u00e4tzte Lesezeit":"24\u00a0Minuten"},"schema":{"@context":"https:\/\/schema.org","@graph":[{"@type":"WebPage","@id":"https:\/\/www.oddset.de\/blog\/tour-de-france-wetten-bei-oddset\/","url":"https:\/\/www.oddset.de\/blog\/tour-de-france-wetten-bei-oddset\/","name":"\ud83d\udeb5 Tour de France 2025: Etappenplan, Klassements, Infos und Wetten - ODDSET FANZONE","isPartOf":{"@id":"https:\/\/www.oddset.de\/blog\/#website"},"primaryImageOfPage":{"@id":"https:\/\/www.oddset.de\/blog\/tour-de-france-wetten-bei-oddset\/#primaryimage"},"image":{"@id":"https:\/\/www.oddset.de\/blog\/tour-de-france-wetten-bei-oddset\/#primaryimage"},"thumbnailUrl":"https:\/\/www.oddset.de\/blog\/wp-content\/uploads\/2025\/07\/tdf-2025-collage.jpg","datePublished":"2020-09-01T08:55:26+00:00","dateModified":"2025-07-29T07:51:05+00:00","description":"Alles zur 112. Ausgabe der \ud83d\udeb5 Tour de France. Infos \u2714 Klassements \u2714 Etappenplan \u2714 Wetten \u2714 Jetzt bei ODDSET tippen >>","breadcrumb":{"@id":"https:\/\/www.oddset.de\/blog\/tour-de-france-wetten-bei-oddset\/#breadcrumb"},"inLanguage":"de","potentialAction":[{"@type":"ReadAction","target":["https:\/\/www.oddset.de\/blog\/tour-de-france-wetten-bei-oddset\/"]}]},{"@type":"ImageObject","inLanguage":"de","@id":"https:\/\/www.oddset.de\/blog\/tour-de-france-wetten-bei-oddset\/#primaryimage","url":"https:\/\/www.oddset.de\/blog\/wp-content\/uploads\/2025\/07\/tdf-2025-collage.jpg","contentUrl":"https:\/\/www.oddset.de\/blog\/wp-content\/uploads\/2025\/07\/tdf-2025-collage.jpg","width":1800,"height":600},{"@type":"BreadcrumbList","@id":"https:\/\/www.oddset.de\/blog\/tour-de-france-wetten-bei-oddset\/#breadcrumb","itemListElement":[{"@type":"ListItem","position":1,"name":"Startseite","item":"https:\/\/www.oddset.de\/blog\/"},{"@type":"ListItem","position":2,"name":"\ud83d\udeb5 Tour de France 2025: Etappenplan, Klassements, Infos und Wetten"}]},{"@type":"WebSite","@id":"https:\/\/www.oddset.de\/blog\/#website","url":"https:\/\/www.oddset.de\/blog\/","name":"ODDSET FANZONE","description":"Der Fu\u00dfball &amp; Sportwetten Blog","publisher":{"@id":"https:\/\/www.oddset.de\/blog\/#organization"},"potentialAction":[{"@type":"SearchAction","target":{"@type":"EntryPoint","urlTemplate":"https:\/\/www.oddset.de\/blog\/?s={search_term_string}"},"query-input":{"@type":"PropertyValueSpecification","valueRequired":true,"valueName":"search_term_string"}}],"inLanguage":"de"},{"@type":"Organization","@id":"https:\/\/www.oddset.de\/blog\/#organization","name":"ODDSET FANZONE","url":"https:\/\/www.oddset.de\/blog\/","logo":{"@type":"ImageObject","inLanguage":"de","@id":"https:\/\/www.oddset.de\/blog\/#\/schema\/logo\/image\/","url":"https:\/\/www.oddset.de\/blog\/wp-content\/uploads\/2020\/05\/tb_logo.png","contentUrl":"https:\/\/www.oddset.de\/blog\/wp-content\/uploads\/2020\/05\/tb_logo.png","width":1171,"height":400,"caption":"ODDSET FANZONE"},"image":{"@id":"https:\/\/www.oddset.de\/blog\/#\/schema\/logo\/image\/"},"sameAs":["https:\/\/www.facebook.com\/ODDSETwetten\/","https:\/\/x.com\/ODDSETsport","https:\/\/www.youtube.com\/channel\/UC_vWGAocu28RqdyhzCPf9ZQ"]}]}},"_links":{"self":[{"href":"https:\/\/www.oddset.de\/blog\/wp-json\/wp\/v2\/pages\/15793","targetHints":{"allow":["GET"]}}],"collection":[{"href":"https:\/\/www.oddset.de\/blog\/wp-json\/wp\/v2\/pages"}],"about":[{"href":"https:\/\/www.oddset.de\/blog\/wp-json\/wp\/v2\/types\/page"}],"author":[{"embeddable":true,"href":"https:\/\/www.oddset.de\/blog\/wp-json\/wp\/v2\/users\/3"}],"replies":[{"embeddable":true,"href":"https:\/\/www.oddset.de\/blog\/wp-json\/wp\/v2\/comments?post=15793"}],"version-history":[{"count":1865,"href":"https:\/\/www.oddset.de\/blog\/wp-json\/wp\/v2\/pages\/15793\/revisions"}],"predecessor-version":[{"id":100111,"href":"https:\/\/www.oddset.de\/blog\/wp-json\/wp\/v2\/pages\/15793\/revisions\/100111"}],"wp:featuredmedia":[{"embeddable":true,"href":"https:\/\/www.oddset.de\/blog\/wp-json\/wp\/v2\/media\/99139"}],"wp:attachment":[{"href":"https:\/\/www.oddset.de\/blog\/wp-json\/wp\/v2\/media?parent=15793"}],"curies":[{"name":"wp","href":"https:\/\/api.w.org\/{rel}","templated":true}]}}